{"id":3404,"date":"2012-07-01T16:15:07","date_gmt":"2012-07-01T16:15:07","guid":{"rendered":"http:\/\/www.muntdemots.org\/?page_id=3404"},"modified":"2015-10-14T19:07:02","modified_gmt":"2015-10-14T19:07:02","slug":"27oct","status":"publish","type":"page","link":"https:\/\/www.muntdemots.org\/2015\/calendari\/27oct\/","title":{"rendered":"Dissabte, 24 d&#8217;octubre"},"content":{"rendered":"<p><strong><a href=\"http:\/\/www.muntdemots.org\/2015\/participants\/la-paraula-trobada-marato-de-contes-infantils-diversos-narradorses\/\">LA PARAULA TROBADA<\/a><\/strong><br \/>\n<strong>Marat\u00f3 de Contes Infantils<\/strong><br \/>\n<strong>Diversos Narradors\/res<\/strong><\/p>\n<p>Arran de l\u2019\u00e8xit de l\u2019anterior edici\u00f3, la Marat\u00f3 de Contes Infantil \u201cLa Paraula<br \/>\nTrobada\u201d torna. Aquest cop amb la participaci\u00f3 de Cuentos al Son, Ivet Vilar,<br \/>\nMariana Santana, 3 L\u00cdOS TR\u00cdO, Gogaritxi i Txitxinabo, Alejandro Jorge Lento i, com a<br \/>\nconvidats especials, Vivim del Cuentu i els seus Contes Desexplicats.<\/p>\n<p>Infantil \/ Catal\u00e0 i castell\u00e0<br \/>\n<strong>Hora: d\u201911.00h a 13.00h<\/strong><br \/>\n<strong><a href=\"http:\/\/www.muntdemots.org\/2015\/locations\/biblioteca-francesca-bonnemaison\/\">BIBLIOTECA FRANCESCA BONNEMAISON<\/a><\/strong><br \/>\nActivitat gratu\u00efta<\/p>\n<hr \/>\n<p><strong>TALLER DE JOGLARIA: ELS RITMES DE L\u2019OFICI<\/strong><br \/>\n<strong><a href=\"http:\/\/www.muntdemots.org\/2015\/participants\/matias-tarraga-murcia\/\">Mat\u00edas T\u00e1rraga (M\u00farcia)<\/a><\/strong><\/p>\n<p>Un joglar pot contar contes, cantar can\u00e7ons, recitar poesia, empassar-se<br \/>\nespases&#8230; per\u00f2 el que el defineix com a joglar \u00e9s el ritme creatiu en el qual ens<br \/>\nendinsa. Aqu\u00ed aprendrem qui s\u00f3n aquests membres i jugarem amb el nostre<br \/>\npropi llenguatge per tal de despertar el joglar com a actor, com a creador i<br \/>\nreceptor del joc del seu ofici.<\/p>\n<p>Dirigit a narradors\/es \/ Castell\u00e0<br \/>\n<strong>Hora: d\u201911.00h a 13.00h<\/strong><br \/>\n<strong><a href=\"http:\/\/www.muntdemots.org\/2015\/locations\/biblioteca-sant-antoni-joan-oliver\/\">BIBLIOTECA DE SANT ANTONI<\/a><\/strong><br \/>\nActivitat gratu\u00efta<br \/>\n\u00c9s convenient inscriure\u2019s; truqueu abans a la Biblioteca<\/p>\n<hr \/>\n<p><strong><a href=\"http:\/\/www.muntdemots.org\/2015\/participants\/3lios-trio\/\">3L\u00cdOS TR\u00cdO (Col\u00f2mbia \u2013 It\u00e0lia \u2013 Catalunya)<\/a><\/strong><\/p>\n<p>3L\u00edos Tr\u00edo proposa un viatge a trav\u00e9s de la m\u00fasica, la imatge i la paraula. Una<br \/>\nbanda sonora acompanya un conjunt de contes, jocs r\u00edtmics i riures. La m\u00fasica<br \/>\nintercala els contes; a vegades els interromp, d\u2019altres camina al seu costat, hi<br \/>\ninteractua, la lia&#8230; V\u00e9ns a liar-la tamb\u00e9?<\/p>\n<p>Infantil \/ Castell\u00e0<br \/>\n<strong>Hora: 12.00h<\/strong><br \/>\n<strong><a href=\"http:\/\/www.muntdemots.org\/2015\/locations\/centre-civic-el-sortidor\/\">CENTRE C\u00cdVIC EL SORTIDOR<\/a><\/strong><br \/>\nActivitat gratu\u00efta<\/p>\n<hr \/>\n<p><strong>CUENTOS DE PROVENCE:<\/strong><br \/>\n<strong>LA CABRA DE ORO Y OTRAS ENCABRONADAS<\/strong><br \/>\n<strong><a href=\"http:\/\/www.muntdemots.org\/2015\/participants\/anolis-annelore-franca\/\">Anolis Annelore (Fran\u00e7a)<\/a><\/strong><\/p>\n<p>La Proven\u00e7a \u2013sud-est de Fran\u00e7a- aixopluga des de l\u2019Edat Mitjana nombroses<br \/>\nllegendes de tresors amagats custodiats per temibles cabres d\u2019or&#8230; Mentre un<br \/>\npag\u00e8s la va desafiant, una reina \u2013que s\u2019arruga en un altre conte- espera el seu<br \/>\ntorn.<\/p>\n<p>Infantil \/ Castell\u00e0<br \/>\n<strong>Hora: 12.00h<\/strong><br \/>\n<strong><a href=\"http:\/\/www.muntdemots.org\/2015\/locations\/biblioteca-can-sumarro-2\/\">BIBLIOTECA CAN SUMARRO<\/a><\/strong><br \/>\nActivitat gratu\u00efta<\/p>\n<hr \/>\n<p><strong>CONTESMUSICLOWN<\/strong><br \/>\n<strong><a href=\"http:\/\/www.muntdemots.org\/2015\/participants\/troupe-almazen-catalunya\/\">Troupe Almazen (Catalunya)<\/a><\/strong><\/p>\n<p>Contes d\u2019ahir i de sempre en clau CLOWN, acompanyats dels m\u00fasics<br \/>\nPapanatas Band (Martademarte&amp;Alfredo). La narradora Mar i la pallassa Mac<br \/>\nNovara, tots components de la Troupe ALMAZEN, contant i cantant amb un<br \/>\n\u201cserruxo\u201d una concertina i una guitarra, en un espai de creaci\u00f3 i difusi\u00f3 art\u00edstica<br \/>\nen ple cor del Raval.<\/p>\n<p>Familiar \/ Catal\u00e0<br \/>\n<strong>Hora: 12.30h<\/strong><br \/>\n<a href=\"http:\/\/www.muntdemots.org\/2015\/locations\/almazen\/\"><strong>ALMAZEN<\/strong><\/a><br \/>\nTaquilla: 8\u20ac \/ socis i Atr\u00e1palo: 6\u20ac<br \/>\nEntrades anticipades: 5\u20ac<\/p>\n<hr \/>\n<p><strong>TROBADA DE NARRADORS I NARRADORES ORALS<\/strong><br \/>\nExplica\u2019m de tu, contacontes<\/p>\n<p>En aquesta edici\u00f3 del Festival hem preparat un espai informal per gaudir d\u2019un<br \/>\nencontre amable, pr\u00f2xim amb els\/les companys\/es de l\u2019ofici. Professionals,<br \/>\nprincipiants, interessats en la narraci\u00f3 oral&#8230; aquest \u00e9s el moment per veure\u2019ns<br \/>\nles cares, explicar-nos les nostres coses i deixar anar unes rialles.<\/p>\n<p>Adults \/ Catal\u00e0 i castell\u00e0<br \/>\n<strong>Hora: 17.00h<\/strong><br \/>\n<strong><a href=\"http:\/\/www.muntdemots.org\/2015\/locations\/patillimona\/\">CENTRE C\u00cdVIC PATI LLIMONA<\/a><\/strong><br \/>\nActivitat gratu\u00efta<\/p>\n<hr \/>\n<p><strong>JUGLAR X JUGLAR<\/strong><br \/>\n<strong><a href=\"http:\/\/www.muntdemots.org\/2015\/participants\/matias-tarraga-murcia\/\">Mat\u00edas T\u00e1rraga (M\u00farcia)<\/a><\/strong><\/p>\n<p>Proposem un joc, un recorregut al comp\u00e0s de l\u2019ofici joglaresc. A trav\u00e9s de<br \/>\nl\u2019experi\u00e8ncia l\u00fadica del ritme (vers, m\u00fasica, gest) coneixerem la veu dels<br \/>\npoetes. Contes, roman\u00e7os i c\u00e0ntics v\u00e9nen de la m\u00e0 del joglar, en un espectacle<br \/>\nper a totes les orelles i condicions, ja que est\u00e0 pensat per manxar sense fre<br \/>\nl\u2019emoci\u00f3 i compartir l\u2019\u00e0gora amb bon humor i tot el temps del m\u00f3n.<\/p>\n<p>Familiar \/ Castell\u00e0<br \/>\n<strong>Hora: 18.00h<\/strong><br \/>\n<strong><a href=\"http:\/\/www.muntdemots.org\/2015\/locations\/torre-llobeta\/\">CENTRE C\u00cdVIC TORRE LLOBETA<\/a><\/strong><br \/>\nActivitat gratu\u00efta<\/p>\n<hr \/>\n<p><strong>QUAN ELS CONTES S\u00d3N M\u00daSICA<\/strong><br \/>\n<strong><a href=\"http:\/\/www.muntdemots.org\/2015\/participants\/ferran-martin-catalunya\/\">Ferran Mart\u00edn (Catalunya)<\/a><\/strong><\/p>\n<p>Quina \u00e9s la m\u00fasica m\u00e9s dol\u00e7a que existeix? Un narrador d\u2019hist\u00f2ries, un conte<br \/>\namb m\u00e9s contes endintre, un bon grapat de sons i sorolls i tot plegat fent una<br \/>\npassejada pel museu on coneixerem hist\u00f2ries d\u2019arreu del m\u00f3n que ens<br \/>\najudaran a cercar una resposta per a aquesta dif\u00edcil pregunta.<\/p>\n<p>Adults \/ Catal\u00e0<br \/>\n<strong>Hora: 19.00h<\/strong><br \/>\n<strong><a href=\"http:\/\/www.muntdemots.org\/2015\/locations\/museu-de-la-musica-lauditori\/\">MUSEU DE LA M\u00daSICA<\/a> (Auditori)<\/strong><br \/>\nEntrada al Museu: gratu\u00efta<br \/>\nEntrada a l\u2019espectacle: 2\u20ac<br \/>\nAforament limitat<\/p>\n<hr \/>\n<p><strong>VERITAT O MENTIDA<\/strong><br \/>\n<strong><a href=\"http:\/\/www.muntdemots.org\/2015\/participants\/pepe-perez\/\">Albert Estengre (Catalunya)<\/a><\/strong><\/p>\n<p>\u00c9s veritat que el \u201cPare Etern\u201d ens va crear expressament?<br \/>\n\u00c9s mentida que la mare de la \u201cCaputxeta\u201d no volgu\u00e9s visitar l\u2019\u00e0via?<br \/>\nVa ser un pet\u00f3 que va despertar la \u201cBella Dorment\u201d?<br \/>\n\u00c9s un \u201cconte\u201d que els contes s\u00f3n mentida?<br \/>\nDivertiment al voltant de reflexions que poden sorgir dels contes.<\/p>\n<p>Adults \/ Catal\u00e0<br \/>\n<strong>Hora: 18.30h<\/strong><br \/>\n<strong><a href=\"http:\/\/www.muntdemots.org\/2015\/locations\/biblioteca-sagrada-familia\/\">BIBLIOTECA SAGRADA FAM\u00cdLIA<\/a><\/strong><br \/>\nActivitat gratu\u00efta<\/p>\n<hr \/>\n<p><strong>CUENTAE LINGUAE<\/strong><\/p>\n<p>Saps que pots entendre un conte explicat en un idioma que no parles? Aquest<br \/>\n\u00e9s el nostre encontre anual amb els contes \u201cen versi\u00f3 original\u201d, \u00e9s a dir, en la<br \/>\nllengua materna dels\/de les narradors\/res que els contaran. Franc\u00e8s, euskera,<br \/>\nalemany, angl\u00e8s&#8230; Vine a sorprendre\u2019t de la teva l\u2019o\u00efda \u201cmultilleng\u00fces\u201d.<\/p>\n<p>Adults \/ Diferents idiomes<br \/>\n<strong>Hora: 19.00h<\/strong><br \/>\n<strong><a href=\"http:\/\/www.muntdemots.org\/2015\/locations\/patillimona\/\">CENTRE C\u00cdVIC PATI LLIMONA<\/a><\/strong><br \/>\nActivitat gratu\u00efta<\/p>\n<hr \/>\n<p><strong>OMUMBO ROMBOMBA<\/strong><br \/>\n<strong><a href=\"http:\/\/www.muntdemots.org\/2015\/participants\/alexander-hernandez-venecuela\/\">Alex\u00e1nder Hern\u00e1ndez (Vene\u00e7uela)<\/a><\/strong><br \/>\n<strong>Flutercussi\u00f3: Francisco Monta\u00f1ez i Isabel Serra<\/strong><\/p>\n<p>Aquests contes i can\u00e7ons provenen de la tradici\u00f3 oral dels pobles que les van<br \/>\ninspirar a l\u2019\u00c0frica i a Am\u00e8rica. Els anomenem afroamericans perqu\u00e8 en el viatge<br \/>\ndels temps sembla que es van trobar enmig del mar i es van reinventar en terra<br \/>\nferma. I \u00e9s que en aquells temps, quan els animals parlaven, ho feien en<br \/>\nambd\u00f3s mons i en moltes lleng\u00fces. Tamb\u00e9 els arbres meravellosos, carregats<br \/>\namb totes les fruites, podien trobar-se a l\u2019Amazones o enmig del Camerun.<\/p>\n<p>Adults \/ Castell\u00e0<br \/>\n<strong>Hora: 20.30h<\/strong><br \/>\n<strong><a href=\"http:\/\/www.muntdemots.org\/2015\/locations\/harlem-jazz-club\/\">HARLEM JAZZ CLUB<\/a><\/strong><br \/>\nEntrada: 7\u20ac<\/p>\n<hr \/>\n<p>Exposici\u00f3<br \/>\n<strong>MUNT D\u2019IL\u00b7LUSTRACIONS<\/strong><br \/>\n<strong>Diversos\/es autors\/es<\/strong><br \/>\n<strong>Coordina: Maya Fern\u00e1ndez<\/strong><\/p>\n<p>Podr\u00e0s veure un grup d\u2019il\u00b7lustradors\/es ca\u00e7ant imatges durant les diferents<br \/>\nactivitats programades. Captaran els detalls de cada sessi\u00f3, de cada conte<br \/>\ncontat&#8230; Les seves il\u00b7lustracions s\u2019aniran afegint a l\u2019exposici\u00f3 dia a dia i segons<br \/>\ncom vagin arribant-hi. Cada dia, Munt d\u2019Il\u00b7lustracions presentar\u00e0 obres noves.<br \/>\nLa nit de la Cloenda del Festival, l\u2019exposici\u00f3 estar\u00e0 acabada i la podrem<br \/>\ninaugurar i clausurar al mateix moment, al foyer de la Sala Maria Aur\u00e8lia<br \/>\nCapmany del CC Pati Llimona.<\/p>\n<p>Adults<br \/>\n<strong>Del 19 al 24 d\u2019octubre<\/strong><br \/>\n<strong>Hora de cloenda: el dia 24 a les 22.15h<\/strong><br \/>\n<a href=\"http:\/\/www.muntdemots.org\/2015\/locations\/patillimona\/\"><strong>CENTRE C\u00cdVIC PATI LLIMONA<\/strong><\/a><br \/>\nActivitat gratu\u00efta<\/p>\n<hr \/>\n<p><strong>CLOENDA DEL FESTIVAL<\/strong><br \/>\n<strong>Diversos\/ses narradors\/es<\/strong><\/p>\n<p>S\u2019acomiada aquesta VI Edici\u00f3 del Festival amb una sessi\u00f3 de contes en qu\u00e8<br \/>\ncompartiran escenari 3L\u00edosTr\u00edo (It\u00e0lia \u2013 Col\u00f2mbia \u2013 Catalunya), Mat\u00edas T\u00e1rraga<br \/>\n(M\u00farcia), Albert Estengre (Catalunya), Itziar Rekalde (Pa\u00eds Basc), Ali el Aziz<br \/>\n(Marroc-Catalunya), Ferran Mart\u00edn i Vivim del Cuentu (Catalunya).<\/p>\n<p>Adults \/ Catal\u00e0 i castell\u00e0<br \/>\n<strong>Hora: 22.30h<\/strong><br \/>\n<strong><a href=\"http:\/\/www.muntdemots.org\/2015\/locations\/patillimona\/\">CENTRE C\u00cdVIC PATI LLIMONA<\/a><\/strong><br \/>\nTaquilla inversa (a la sortida col\u00b7labora amb l\u2019import que creguis convenient)<br \/>\nAforament limitat<\/p>\n<p>&nbsp;<\/p>\n","protected":false},"excerpt":{"rendered":"<p>LA PARAULA TROBADA Marat\u00f3 de Contes Infantils Diversos Narradors\/res Arran de l\u2019\u00e8xit de l\u2019anterior edici\u00f3, la Marat\u00f3 de Contes Infantil \u201cLa Paraula Trobada\u201d torna. Aquest cop amb la participaci\u00f3 de Cuentos al Son, Ivet Vilar, Mariana Santana, 3 L\u00cdOS TR\u00cdO, Gogaritxi i Txitxinabo, Alejandro Jorge Lento i, com a convidats especials, Vivim del Cuentu i [&hellip;]<\/p>\n","protected":false},"author":1,"featured_media":0,"parent":4928,"menu_order":0,"comment_status":"open","ping_status":"closed","template":"","meta":{"_mi_skip_tracking":false},"yoast_head":"<!-- This site is optimized with the Yoast SEO plugin v20.5 - https:\/\/yoast.com\/wordpress\/plugins\/seo\/ -->\n<title>Dissabte, 24 d&#039;octubre - Munt de Mots<\/title>\n<meta name=\"robots\" content=\"index, follow, max-snippet:-1, max-image-preview:large, max-video-preview:-1\" \/>\n<link rel=\"canonical\" href=\"https:\/\/www.muntdemots.org\/2015\/calendari\/27oct\/\" \/>\n<meta property=\"og:locale\" content=\"ca_ES\" \/>\n<meta property=\"og:type\" content=\"article\" \/>\n<meta property=\"og:title\" content=\"Dissabte, 24 d&#039;octubre - Munt de Mots\" \/>\n<meta property=\"og:description\" content=\"LA PARAULA TROBADA Marat\u00f3 de Contes Infantils Diversos Narradors\/res Arran de l\u2019\u00e8xit de l\u2019anterior edici\u00f3, la Marat\u00f3 de Contes Infantil \u201cLa Paraula Trobada\u201d torna. Aquest cop amb la participaci\u00f3 de Cuentos al Son, Ivet Vilar, Mariana Santana, 3 L\u00cdOS TR\u00cdO, Gogaritxi i Txitxinabo, Alejandro Jorge Lento i, com a convidats especials, Vivim del Cuentu i [&hellip;]\" \/>\n<meta property=\"og:url\" content=\"https:\/\/www.muntdemots.org\/2015\/calendari\/27oct\/\" \/>\n<meta property=\"og:site_name\" content=\"Munt de Mots\" \/>\n<meta property=\"article:publisher\" content=\"https:\/\/www.facebook.com\/FestivalMuntdeMots\" \/>\n<meta property=\"article:modified_time\" content=\"2015-10-14T19:07:02+00:00\" \/>\n<meta name=\"twitter:card\" content=\"summary_large_image\" \/>\n<meta name=\"twitter:site\" content=\"@muntdemots\" \/>\n<meta name=\"twitter:label1\" content=\"Temps estimat de lectura\" \/>\n\t<meta name=\"twitter:data1\" content=\"6 minuts\" \/>\n<script type=\"application\/ld+json\" class=\"yoast-schema-graph\">{\"@context\":\"https:\/\/schema.org\",\"@graph\":[{\"@type\":\"WebPage\",\"@id\":\"https:\/\/www.muntdemots.org\/2015\/calendari\/27oct\/\",\"url\":\"https:\/\/www.muntdemots.org\/2015\/calendari\/27oct\/\",\"name\":\"Dissabte, 24 d'octubre - Munt de Mots\",\"isPartOf\":{\"@id\":\"https:\/\/www.muntdemots.org\/2015\/#website\"},\"datePublished\":\"2012-07-01T16:15:07+00:00\",\"dateModified\":\"2015-10-14T19:07:02+00:00\",\"breadcrumb\":{\"@id\":\"https:\/\/www.muntdemots.org\/2015\/calendari\/27oct\/#breadcrumb\"},\"inLanguage\":\"ca\",\"potentialAction\":[{\"@type\":\"ReadAction\",\"target\":[\"https:\/\/www.muntdemots.org\/2015\/calendari\/27oct\/\"]}]},{\"@type\":\"BreadcrumbList\",\"@id\":\"https:\/\/www.muntdemots.org\/2015\/calendari\/27oct\/#breadcrumb\",\"itemListElement\":[{\"@type\":\"ListItem\",\"position\":1,\"name\":\"Inici\",\"item\":\"https:\/\/www.muntdemots.org\/2015\/\"},{\"@type\":\"ListItem\",\"position\":2,\"name\":\"Calendari\",\"item\":\"https:\/\/www.muntdemots.org\/2015\/calendari\/\"},{\"@type\":\"ListItem\",\"position\":3,\"name\":\"Dissabte, 24 d&#8217;octubre\"}]},{\"@type\":\"WebSite\",\"@id\":\"https:\/\/www.muntdemots.org\/2015\/#website\",\"url\":\"https:\/\/www.muntdemots.org\/2015\/\",\"name\":\"Munt de Mots\",\"description\":\"\",\"potentialAction\":[{\"@type\":\"SearchAction\",\"target\":{\"@type\":\"EntryPoint\",\"urlTemplate\":\"https:\/\/www.muntdemots.org\/2015\/?s={search_term_string}\"},\"query-input\":\"required name=search_term_string\"}],\"inLanguage\":\"ca\"}]}<\/script>\n<!-- \/ Yoast SEO plugin. -->","yoast_head_json":{"title":"Dissabte, 24 d'octubre - Munt de Mots","robots":{"index":"index","follow":"follow","max-snippet":"max-snippet:-1","max-image-preview":"max-image-preview:large","max-video-preview":"max-video-preview:-1"},"canonical":"https:\/\/www.muntdemots.org\/2015\/calendari\/27oct\/","og_locale":"ca_ES","og_type":"article","og_title":"Dissabte, 24 d'octubre - Munt de Mots","og_description":"LA PARAULA TROBADA Marat\u00f3 de Contes Infantils Diversos Narradors\/res Arran de l\u2019\u00e8xit de l\u2019anterior edici\u00f3, la Marat\u00f3 de Contes Infantil \u201cLa Paraula Trobada\u201d torna. Aquest cop amb la participaci\u00f3 de Cuentos al Son, Ivet Vilar, Mariana Santana, 3 L\u00cdOS TR\u00cdO, Gogaritxi i Txitxinabo, Alejandro Jorge Lento i, com a convidats especials, Vivim del Cuentu i [&hellip;]","og_url":"https:\/\/www.muntdemots.org\/2015\/calendari\/27oct\/","og_site_name":"Munt de Mots","article_publisher":"https:\/\/www.facebook.com\/FestivalMuntdeMots","article_modified_time":"2015-10-14T19:07:02+00:00","twitter_card":"summary_large_image","twitter_site":"@muntdemots","twitter_misc":{"Temps estimat de lectura":"6 minuts"},"schema":{"@context":"https:\/\/schema.org","@graph":[{"@type":"WebPage","@id":"https:\/\/www.muntdemots.org\/2015\/calendari\/27oct\/","url":"https:\/\/www.muntdemots.org\/2015\/calendari\/27oct\/","name":"Dissabte, 24 d'octubre - Munt de Mots","isPartOf":{"@id":"https:\/\/www.muntdemots.org\/2015\/#website"},"datePublished":"2012-07-01T16:15:07+00:00","dateModified":"2015-10-14T19:07:02+00:00","breadcrumb":{"@id":"https:\/\/www.muntdemots.org\/2015\/calendari\/27oct\/#breadcrumb"},"inLanguage":"ca","potentialAction":[{"@type":"ReadAction","target":["https:\/\/www.muntdemots.org\/2015\/calendari\/27oct\/"]}]},{"@type":"BreadcrumbList","@id":"https:\/\/www.muntdemots.org\/2015\/calendari\/27oct\/#breadcrumb","itemListElement":[{"@type":"ListItem","position":1,"name":"Inici","item":"https:\/\/www.muntdemots.org\/2015\/"},{"@type":"ListItem","position":2,"name":"Calendari","item":"https:\/\/www.muntdemots.org\/2015\/calendari\/"},{"@type":"ListItem","position":3,"name":"Dissabte, 24 d&#8217;octubre"}]},{"@type":"WebSite","@id":"https:\/\/www.muntdemots.org\/2015\/#website","url":"https:\/\/www.muntdemots.org\/2015\/","name":"Munt de Mots","description":"","potentialAction":[{"@type":"SearchAction","target":{"@type":"EntryPoint","urlTemplate":"https:\/\/www.muntdemots.org\/2015\/?s={search_term_string}"},"query-input":"required name=search_term_string"}],"inLanguage":"ca"}]}},"_links":{"self":[{"href":"https:\/\/www.muntdemots.org\/2015\/wp-json\/wp\/v2\/pages\/3404"}],"collection":[{"href":"https:\/\/www.muntdemots.org\/2015\/wp-json\/wp\/v2\/pages"}],"about":[{"href":"https:\/\/www.muntdemots.org\/2015\/wp-json\/wp\/v2\/types\/page"}],"author":[{"embeddable":true,"href":"https:\/\/www.muntdemots.org\/2015\/wp-json\/wp\/v2\/users\/1"}],"replies":[{"embeddable":true,"href":"https:\/\/www.muntdemots.org\/2015\/wp-json\/wp\/v2\/comments?post=3404"}],"version-history":[{"count":92,"href":"https:\/\/www.muntdemots.org\/2015\/wp-json\/wp\/v2\/pages\/3404\/revisions"}],"predecessor-version":[{"id":8153,"href":"https:\/\/www.muntdemots.org\/2015\/wp-json\/wp\/v2\/pages\/3404\/revisions\/8153"}],"up":[{"embeddable":true,"href":"https:\/\/www.muntdemots.org\/2015\/wp-json\/wp\/v2\/pages\/4928"}],"wp:attachment":[{"href":"https:\/\/www.muntdemots.org\/2015\/wp-json\/wp\/v2\/media?parent=3404"}],"curies":[{"name":"wp","href":"https:\/\/api.w.org\/{rel}","templated":true}]}}