{"id":6804,"date":"2013-07-27T10:40:50","date_gmt":"2013-07-27T10:40:50","guid":{"rendered":"http:\/\/www.muntdemots.org\/2013\/?page_id=6804"},"modified":"2013-09-09T14:36:40","modified_gmt":"2013-09-09T14:36:40","slug":"verkami","status":"publish","type":"page","link":"https:\/\/www.muntdemots.org\/2013\/verkami\/","title":{"rendered":"Els micro-mecenes del Munt de Mots 2013! Moltes gr\u00e0cies!!!"},"content":{"rendered":"<p><a href=\"https:\/\/www.muntdemots.org\/2013\/wp-content\/uploads\/2013\/07\/MUMO-SOLO-2.png\"><img decoding=\"async\" loading=\"lazy\" class=\"alignright size-medium wp-image-6330\" title=\"MUMO SOLO 2\" src=\"https:\/\/www.muntdemots.org\/2013\/wp-content\/uploads\/2013\/07\/MUMO-SOLO-2-191x300.png\" alt=\"\" width=\"191\" height=\"300\" srcset=\"https:\/\/www.muntdemots.org\/2013\/wp-content\/uploads\/2013\/07\/MUMO-SOLO-2-191x300.png 191w, https:\/\/www.muntdemots.org\/2013\/wp-content\/uploads\/2013\/07\/MUMO-SOLO-2-653x1024.png 653w, https:\/\/www.muntdemots.org\/2013\/wp-content\/uploads\/2013\/07\/MUMO-SOLO-2.png 855w\" sizes=\"(max-width: 191px) 100vw, 191px\" \/><\/a><\/p>\n<p>El Munt de Mots 2013 no hagu\u00e9s estat possible sense la col\u00b7laboraci\u00f3 de moltes persones i entitats que, de manera desinteressada, han col\u00b7laborat en la campanya de micro-mecenatge per finan\u00e7ar el projecte. A totes elles, un Munt de Gr\u00e0cies!!!<\/p>\n<p>&nbsp;<\/p>\n<p><em>Alex Nogu\u00e9s Otero, Alicia Molina, Andrea Ort\u00fazar, ANIN (Associaci\u00f3 de Narradores i Narradors), Araceli, Arnau Vilardeb\u00f2, Bego Alabazan, Benjam\u00ed Vilar, Bernat Xirivella, Carine Dubois Mouton,<br \/>\nCarine Simon, Clarisa Gonzalez Ortiz, Consol Jimenez Urbapesia, Cristina Serrat,Cuentos a medida, Duende de la niebla, Elena Polanco Dur\u00e1n, Elisabet Carceller Guillamet, Elisabeth Puentes, Emma, Pau i Albert Violant, Esther Pozo, Flavia Piazza, Helena Rinc\u00f3n P\u00e9rez, Helena Ripoll Azor, Iris Gonzalez Afonso, Isak Dinesen, Israel Herg\u00f3n, Jana Corominas Ras, Javier Abella, Joan Tarr\u00e9s, Jos\u00e9 A. Mu\u00f1oz, Josep Llu\u00eds Gallardo, Judith Navarro Royo, J\u00falia Quintela, Julio Manau, Lluis Fabregat, Maica Chacoino, Maite S\u00e1nchez Benito, Mal\u00faZoe, Mar Tusell, Maria Lorente Torres, Maria Ripoll Cera, Marisol Cumare, Marisol Mart\u00ednez Rodr\u00edguez, Mayte Flores S\u00e1nchez, M\u00f3nica Fandi\u00f1o V\u00e1zquez, N\u00faria Olvera Ripoll, Pen\u00e9lope, Pep Bruno, Rafael Goicoechea, Ramon a. Ponz Corella, Raquel de Manuel Mur, Rosa Pinyol, Roser Ros i Vilanova, Sara Genovert Jan\u00e9, Sole Felloza, Sonia Gimenez, Una pila de Paraules, Vane SM, Victoria Tubau, Willo Arunategui, Yolanda Sorriano Garc\u00eda&#8230; i 26 donacions an\u00f2nimes!\u00a0 Moltes gr\u00e0cies!!!<br \/>\n<\/em><\/p>\n","protected":false},"excerpt":{"rendered":"<p>El Munt de Mots 2013 no hagu\u00e9s estat possible sense la col\u00b7laboraci\u00f3 de moltes persones i entitats que, de manera desinteressada, han col\u00b7laborat en la campanya de micro-mecenatge per finan\u00e7ar el projecte. A totes elles, un Munt de Gr\u00e0cies!!! &nbsp; Alex Nogu\u00e9s Otero, Alicia Molina, Andrea Ort\u00fazar, ANIN (Associaci\u00f3 de Narradores i Narradors), Araceli, Arnau [&hellip;]<\/p>\n","protected":false},"author":1,"featured_media":6330,"parent":0,"menu_order":0,"comment_status":"open","ping_status":"open","template":"","meta":{"_mi_skip_tracking":false},"_links":{"self":[{"href":"https:\/\/www.muntdemots.org\/2013\/wp-json\/wp\/v2\/pages\/6804"}],"collection":[{"href":"https:\/\/www.muntdemots.org\/2013\/wp-json\/wp\/v2\/pages"}],"about":[{"href":"https:\/\/www.muntdemots.org\/2013\/wp-json\/wp\/v2\/types\/page"}],"author":[{"embeddable":true,"href":"https:\/\/www.muntdemots.org\/2013\/wp-json\/wp\/v2\/users\/1"}],"replies":[{"embeddable":true,"href":"https:\/\/www.muntdemots.org\/2013\/wp-json\/wp\/v2\/comments?post=6804"}],"version-history":[{"count":13,"href":"https:\/\/www.muntdemots.org\/2013\/wp-json\/wp\/v2\/pages\/6804\/revisions"}],"predecessor-version":[{"id":6959,"href":"https:\/\/www.muntdemots.org\/2013\/wp-json\/wp\/v2\/pages\/6804\/revisions\/6959"}],"wp:featuredmedia":[{"embeddable":true,"href":"https:\/\/www.muntdemots.org\/2013\/wp-json\/wp\/v2\/media\/6330"}],"wp:attachment":[{"href":"https:\/\/www.muntdemots.org\/2013\/wp-json\/wp\/v2\/media?parent=6804"}],"curies":[{"name":"wp","href":"https:\/\/api.w.org\/{rel}","templated":true}]}}