{"id":6067,"date":"2012-10-18T13:04:08","date_gmt":"2012-10-18T13:04:08","guid":{"rendered":"http:\/\/www.muntdemots.org\/2012\/?page_id=6067"},"modified":"2012-10-25T19:58:50","modified_gmt":"2012-10-25T19:58:50","slug":"premsa-escrita-i-web","status":"publish","type":"page","link":"https:\/\/www.muntdemots.org\/2012\/premsa\/premsa-escrita-i-web\/","title":{"rendered":"Premsa escrita i web"},"content":{"rendered":"<p>Per a m\u00e9s informaci\u00f3, concertar entrevistes, cobrir algun acte&#8230; podeu contactar amb nosaltres a\u00a0<a href=\"mailto:comunicacio@muntdemots.org\">comunicacio@muntdemots.org<\/a><\/p>\n<p><span style=\"text-decoration: underline;\"><strong>Relaci\u00f3 d&#8217;articles publicats a <a href=\"http:\/\/www.nuvol.com\">N\u00favol.com<\/a><\/strong><\/span><\/p>\n<p><a href=\"http:\/\/www.nuvol.com\/noticies\/torna-el-festival-munt-de-mots-de-narracio-oral-2\/\">Entrevista de Bernat Puigtobella a Rub\u00e9n Mart\u00ednez Santana (director del Festival)<\/a><\/p>\n<p><a href=\"http:\/\/www.nuvol.com\/noticies\/hi-havia-una-vegada\/\">Hi havia una vegada&#8230;<\/a> per Oriol Toro<\/p>\n<p><a href=\"http:\/\/www.nuvol.com\/noticies\/expliquem-els-contes-que-mes-ens-enamoren\/\">&#8220;Expliquem els contes que m\u00e9s ens enamoren&#8221;<\/a> per Cora Muntan\u00e9<\/p>\n<p><a href=\"http:\/\/www.nuvol.com\/noticies\/alekos-quien-no-ha-tenido-pareja-que-tire-la-primera-piedra\/\">Entrevista d&#8217;Oriol Saladrigas a Alekos<\/a><\/p>\n<p><a href=\"http:\/\/www.nuvol.com\/critica\/primer-tast-del-festival-munt-de-mots\/\">Primer tast de Festival Munt de Mots<\/a> per Laia Ruiz<\/p>\n<p><a href=\"http:\/\/www.nuvol.com\/entrevistes\/mercedes-castro\/\">Entrevista de Chema Escribano a Mercedes Castro<\/a><\/p>\n<p><a href=\"http:\/\/www.nuvol.com\/critica\/alekos-i-ruben-martinez-santana-al-tantarantana\/\">Alekos i Rub\u00e9n Mart\u00ednez Santana, al Tantarantana<\/a> per Oriol Saladrigas<\/p>\n<p><span style=\"text-decoration: underline;\"><strong>Altres articles<\/strong><\/span><\/p>\n<p>LeCool: <a href=\"http:\/\/barcelona.lecool.com\/event\/munt-de-mots\/\">Munt de Mots<\/a> per Ale Oseguera<\/p>\n<p>Vilaweb: <a href=\"http:\/\/www.vilaweb.cat\/noticia\/4048107\/20121018\/torna-festival-munt-mots-narracio-oral.html\">Torna el Festival Munt de Mots de narraci\u00f3 Oral<\/a><\/p>\n<p>Xarxanet.org: <a href=\"http:\/\/xarxanet.org\/cultural\/noticies\/els-contes-envaeixen-la-ciutat-de-barcelona\">Els contes envaeixen la ciutat de Barcelona<\/a> per Oriol Toro<\/p>\n<p>Club Tr3sC: <a href=\"http:\/\/www.tresc.cat\/fitxa\/llibres\/31126\/Munt-de-mots-3e-festival-de-narracio-oral-de-Barcelona\">Munt de mots (3\u00e8 festival de narraci\u00f3 oral de Barcelona)<\/a><\/p>\n<p>AEDA: <a href=\"http:\/\/narracionoral.es\/index.php\/ca\/noticies-i-documents\/151-munt-de-mots-festival-de-narracio-oral-de-barcelona\">Munt de Mots. Festival de Narraci\u00f3 Oral de Barcelona<\/a><\/p>\n<p><span style=\"text-decoration: underline;\"><strong>Agendes<\/strong><\/span><\/p>\n<p><a href=\"https:\/\/www.muntdemots.org\/2012\/wp-content\/uploads\/2012\/10\/quefem.jpg\">Suplement Qu\u00e8 Fem? de La Vanguardia<\/a><\/p>\n<p><a href=\"http:\/\/www.forfree.cat\/event.php?pageid=4&amp;id=10377\">Forfree<\/a><\/p>\n<p><a href=\"w110.bcn.cat\/portal\/site\/Biblioteques\/menuitem.3319272b478a144fa0c5a0c5a2ef8a0c\/?vgnextoid=00a9dff53ad6a310VgnVCM10000072fea8c0RCRD&amp;vgnextchannel=0af8f27c2f7f8210VgnVCM10000074fea8c0RCRD&amp;vgnextfmt=formatDetall&amp;ttl=86400000&amp;lang=es_ES\"> Biblioteques de Barcelona<\/a><\/p>\n<p><a href=\"http:\/\/cultura.gencat.cat\/agenda\/fitxa.asp?fitxa_id=37738&amp;pos=10&amp;tc=3&amp;Tema=T1&amp;ordfi=1&amp;ord=1&amp;panell=1\">Departament de Cultura<\/a><\/p>\n<p><a href=\"http:\/\/barcelonacultura.bcn.cat\/tinformem\/3r-festival-de-narracio-oral-de-barcelona\">ICUB<\/a><\/p>\n<p><a href=\"http:\/\/www.socpetit.cat\/actualitat\/3r-festival-munt-de-mots-a1766.html?f=9\">S\u00f3c Petit.cat<\/a><\/p>\n<p><a href=\"http:\/\/www.timeout.cat\/barcelona\/ca\/activitat\/155646\/munt-de-mots-2012\">Timeout<\/a><\/p>\n<p><a href=\"http:\/\/www.catacultural.com\/?p=12760\">Catacultural<\/a><\/p>\n<p><a href=\"http:\/\/www.escriptors.cat\/?q=node\/7735\">Escriptors.cat<\/a><\/p>\n","protected":false},"excerpt":{"rendered":"<p>Per a m\u00e9s informaci\u00f3, concertar entrevistes, cobrir algun acte&#8230; podeu contactar amb nosaltres a\u00a0comunicacio@muntdemots.org Relaci\u00f3 d&#8217;articles publicats a N\u00favol.com Entrevista de Bernat Puigtobella a Rub\u00e9n Mart\u00ednez Santana (director del Festival) Hi havia una vegada&#8230; per Oriol Toro &#8220;Expliquem els contes que m\u00e9s ens enamoren&#8221; per Cora Muntan\u00e9 Entrevista d&#8217;Oriol Saladrigas a Alekos Primer tast de&#8230;<\/p>\n","protected":false},"author":1,"featured_media":0,"parent":2948,"menu_order":0,"comment_status":"open","ping_status":"open","template":"","meta":[],"_links":{"self":[{"href":"https:\/\/www.muntdemots.org\/2012\/wp-json\/wp\/v2\/pages\/6067"}],"collection":[{"href":"https:\/\/www.muntdemots.org\/2012\/wp-json\/wp\/v2\/pages"}],"about":[{"href":"https:\/\/www.muntdemots.org\/2012\/wp-json\/wp\/v2\/types\/page"}],"author":[{"embeddable":true,"href":"https:\/\/www.muntdemots.org\/2012\/wp-json\/wp\/v2\/users\/1"}],"replies":[{"embeddable":true,"href":"https:\/\/www.muntdemots.org\/2012\/wp-json\/wp\/v2\/comments?post=6067"}],"version-history":[{"count":9,"href":"https:\/\/www.muntdemots.org\/2012\/wp-json\/wp\/v2\/pages\/6067\/revisions"}],"predecessor-version":[{"id":6085,"href":"https:\/\/www.muntdemots.org\/2012\/wp-json\/wp\/v2\/pages\/6067\/revisions\/6085"}],"up":[{"embeddable":true,"href":"https:\/\/www.muntdemots.org\/2012\/wp-json\/wp\/v2\/pages\/2948"}],"wp:attachment":[{"href":"https:\/\/www.muntdemots.org\/2012\/wp-json\/wp\/v2\/media?parent=6067"}],"curies":[{"name":"wp","href":"https:\/\/api.w.org\/{rel}","templated":true}]}}