{"id":5503,"date":"2012-07-10T18:57:23","date_gmt":"2012-07-10T18:57:23","guid":{"rendered":"http:\/\/www.muntdemots.org\/?page_id=5503"},"modified":"2012-07-14T22:15:26","modified_gmt":"2012-07-14T22:15:26","slug":"joseluis-mellado","status":"publish","type":"page","link":"https:\/\/www.muntdemots.org\/2012\/participants\/joseluis-mellado\/","title":{"rendered":"JOSELUIS MELLADO"},"content":{"rendered":"<p style=\"text-align: justify;\"><img decoding=\"async\" loading=\"lazy\" class=\"alignleft  wp-image-5504\" title=\"JOSELUIS_MELLADO\" src=\"\/2012\/wp-content\/uploads\/2012\/07\/JOSELUIS-MELLADO-1-208x300.jpg\" alt=\"\" width=\"166\" height=\"240\" srcset=\"https:\/\/www.muntdemots.org\/2012\/wp-content\/uploads\/2012\/07\/JOSELUIS-MELLADO-1-208x300.jpg 208w, https:\/\/www.muntdemots.org\/2012\/wp-content\/uploads\/2012\/07\/JOSELUIS-MELLADO-1.jpg 295w\" sizes=\"(max-width: 166px) 100vw, 166px\" \/><\/p>\n<p style=\"text-align: justify;\">Soy actor, guionista y narrador oral desde 1993, a\u00f1o en que naci\u00f3 la cuenter\u00eda en chile. Form\u00e9 el Festival de Narraci\u00f3n Oral de Santiago de Chile y cofund\u00e9 la Red Internacional de Cuenter\u00eda Popular y la Escuela Itinerante de Oralidad y Cuenter\u00eda. He hecho cine, televisi\u00f3n, radio y teatro. Me dedico al entrenamiento de personas en habilidades blandas. Como narrador he estado en festivales de Argentina, Uruguay, Paraguay, Espa\u00f1a, Colombia, Per\u00fa, Pa\u00eds Vasco y Catalu\u00f1a.<\/p>\n<p>&nbsp;<\/p>\n<p>&nbsp;<\/p>\n<p>&nbsp;<\/p>\n<p><a href=\"\/2012\/toda-la-programacion\/el-culpable-de-todo\/\" target=\"_blank\"><strong>EL CULPABLE DE TODO<\/strong><\/a><\/p>\n<p style=\"text-align: justify;\">\u00bfLe pas\u00f3 alguna vez que no importaba lo que hiciera, siempre, siempre le terminaban culpando de todo? Las historias son de esas donde al parecer las cosas se hacen con la dedicada intenci\u00f3n de meter la pata lo m\u00e1s profundo que se pueda, hasta tocar fondo y, si es posible, adem\u00e1s hacer un agujero.<\/p>\n<p><strong><br \/>\nCHARLA-TALLER<\/strong><a href=\"\/2012\/toda-la-programacion\/la-realidad-virtual-y-el-cuento\/\" target=\"_blank\"><br \/>\n<\/a><a href=\"\/2012\/toda-la-programacion\/la-realidad-virtual-y-el-cuento\/\" target=\"_blank\"><strong>LA REALIDAD\u00a0 VIRTUAL Y EL CUENTO<\/strong><\/a><br \/>\n<strong><strong>Dirigido a narradores\/as<\/strong>\u00a0<\/strong><\/p>\n<p style=\"text-align: justify;\">El cuento y el acto ling\u00fc\u00edstico. \u00bfQu\u00e9 es un cuento?\u00bfQu\u00e9 es un acto ling\u00fc\u00edstico?\u00bfPor que las personas quieren\u00a0 escuchar\u00a0 cuentos?\u00bfLas palabras por si mismas son un medio de comunicaci\u00f3n? El acto ontol\u00f3gico de hablar. El acto ontol\u00f3gico de contar una historia. El cuento, el lenguaje y el sentido de la verdad. La realidad virtual y el cuento. \u00bfPor qu\u00e9 si el lenguaje es\u00a0din\u00e1mico y cambiante, el cuento no lo\u00a0es.<\/p>\n<p style=\"text-align: justify;\">Este taller\u00a0ayudar\u00e1 a comprender\u00a0estas interrogantes desde el punto de vista art\u00edstico,\u00a0para mejorar el trabajo del\/a narrador\/a, incluso\u00a0en el proceso nemot\u00e9cnico. A medida\u00a0 que el\/a narrador\/a\u00a0 comprende mejor el proceso del habla, su trabajo\u00a0 se desarrolla y se transforma.<\/p>\n","protected":false},"excerpt":{"rendered":"<p>Soy actor, guionista y narrador oral desde 1993, a\u00f1o en que naci\u00f3 la cuenter\u00eda en chile. Form\u00e9 el Festival de Narraci\u00f3n Oral de Santiago de Chile y cofund\u00e9 la Red Internacional de Cuenter\u00eda Popular y la Escuela Itinerante de Oralidad y Cuenter\u00eda. He hecho cine, televisi\u00f3n, radio y teatro. Me dedico al entrenamiento de personas&#8230;<\/p>\n","protected":false},"author":1,"featured_media":0,"parent":4,"menu_order":0,"comment_status":"open","ping_status":"open","template":"","meta":[],"_links":{"self":[{"href":"https:\/\/www.muntdemots.org\/2012\/wp-json\/wp\/v2\/pages\/5503"}],"collection":[{"href":"https:\/\/www.muntdemots.org\/2012\/wp-json\/wp\/v2\/pages"}],"about":[{"href":"https:\/\/www.muntdemots.org\/2012\/wp-json\/wp\/v2\/types\/page"}],"author":[{"embeddable":true,"href":"https:\/\/www.muntdemots.org\/2012\/wp-json\/wp\/v2\/users\/1"}],"replies":[{"embeddable":true,"href":"https:\/\/www.muntdemots.org\/2012\/wp-json\/wp\/v2\/comments?post=5503"}],"version-history":[{"count":22,"href":"https:\/\/www.muntdemots.org\/2012\/wp-json\/wp\/v2\/pages\/5503\/revisions"}],"predecessor-version":[{"id":5849,"href":"https:\/\/www.muntdemots.org\/2012\/wp-json\/wp\/v2\/pages\/5503\/revisions\/5849"}],"up":[{"embeddable":true,"href":"https:\/\/www.muntdemots.org\/2012\/wp-json\/wp\/v2\/pages\/4"}],"wp:attachment":[{"href":"https:\/\/www.muntdemots.org\/2012\/wp-json\/wp\/v2\/media?parent=5503"}],"curies":[{"name":"wp","href":"https:\/\/api.w.org\/{rel}","templated":true}]}}