{"id":4,"date":"2012-07-01T16:35:03","date_gmt":"2012-07-01T16:35:03","guid":{"rendered":"http:\/\/www.muntdemots.org\/modelo3\/?page_id=4"},"modified":"2012-09-04T09:30:56","modified_gmt":"2012-09-04T09:30:56","slug":"participants","status":"publish","type":"page","link":"https:\/\/www.muntdemots.org\/2012\/participants\/","title":{"rendered":"Participants"},"content":{"rendered":"<p><a href=\"participants\/alekos-ruben\/\" target=\"_blank\">ALEKOS I RUB\u00c9N<\/a> (COL\u00d2MBIA- VENE\u00c7UELA- CATALUNYA)<br \/>\n<a href=\"\/2012\/participants\/albert-marques\/\" target=\"_blank\">ALBERT MARQU\u00c9S<\/a> (CATALUNYA)<br \/>\n<a href=\"\/2012\/participants\/antonio-gonzalez-beltran\/\" target=\"_blank\">ANTONIO GONZ\u00c1LEZ<\/a> (VAL\u00c8NCIA)<br \/>\n<a href=\"\/2012\/participants\/bego-alabazan\/\" target=\"_blank\">BEGO ALABAZAN<\/a> (PA\u00cdS BASC)<br \/>\n<a href=\"\/2012\/participants\/claudia-hornes\/\">CLAUDIA HORNES<\/a> (ARGENTINA-CATALUNYA)<br \/>\n<a href=\"\/2012\/participants\/diego-calavia\/\">DIEGO CALAVIA<\/a> (LA RIOJA)<br \/>\n<a href=\"\/2012\/participants\/fanny-fuguet\/\">FANNY FUGUET<\/a> (VENE\u00c7UELA)<br \/>\n<a href=\"\/2012\/participants\/ferran-martin\/\">FERRAN MARTIN<\/a> (CATALUNYA)<br \/>\n<a href=\"\/2012\/participants\/ignasi-potrony\/\">IGNASI POTRONY<\/a> (CATALUNYA)<br \/>\n<a href=\"\/2012\/participants\/jordina-biosca\/\">JORDINA BIOSCA<\/a> (CATALUNYA)<br \/>\n<a href=\"\/2012\/participants\/joseluis-mellado\/\">JOSELUIS MELLADO<\/a> (XILE)<br \/>\n<a href=\"\/2012\/participants\/jose-manuel-garzon\/\">JOS\u00c9 MANUEL GARZ\u00d3N<\/a> (VAL\u00c8NCIA)<br \/>\n<a href=\"\/2012\/participants\/linsabel-noguera\/\">LINSABEL NOGUERA<\/a> (VENE\u00c7UELA)<br \/>\n<a href=\"\/2012\/participants\/mar-o-mac-novara\/\">MAR O. I MAC NOVARA<\/a> (CATALUNYA)<br \/>\n<a href=\"\/2012\/participants\/maricuela\/\">MARICUELA<\/a> (ARAG\u00d3N)<br \/>\n<a href=\"\/2012\/participants\/merce-rubi\/\">MERC\u00c8 RUB\u00cd<\/a> (CATALUNYA)<br \/>\n<a href=\"\/2012\/participants\/mercedes-castro\/\">MERCEDES CASTRO<\/a> (COSTA RICA)<br \/>\n<a href=\"\/2012\/participants\/monica-martinez-paz\/\">M\u00d3NICA MART\u00cdNEZ PAZ<\/a> (VENE\u00c7UELA-CATALUNYA)<br \/>\n<a href=\"\/2012\/participants\/pablo-albo\/\">PABLO ALBO<\/a> (VAL\u00c8NCIA)<br \/>\n<a href=\"\/2012\/participants\/dminpatricia-mcgill\/\">PATRICIA MCGILL<\/a> (URUGUAY- CATALUNYA)<br \/>\n<a href=\"\/2012\/participants\/pedro-ruiz-grupo-alabazan\/\">PEDRO RUIZ, GRUP ALABAZAN<\/a> (PA\u00cdS BASC)<br \/>\n<a href=\"\/2012\/participants\/pep-duran\/\">PEP DUR\u00c1N<\/a> (CATALUNYA)<br \/>\n<a href=\"\/2012\/participants\/roser-ros\/\">ROSER ROS<\/a> (CATALUNYA)<br \/>\n<a href=\"\/2012\/participants\/sophie-heydel\/\">SOPHIE HEYDEL<\/a> (ANGLATERRA)<br \/>\n<a href=\"\/2012\/participants\/yoshihira-hioki\/\">YOSHIHIRA HIOKI<\/a> (JAP\u00d3)<\/p>\n<p>&nbsp;<\/p>\n<p><a href=\"\/2012\/participants\/ara-va-de-bo\/\">GRUP ARA VA DE BO<\/a> (CATALUNYA)<br \/>\n<a href=\"\/2012\/participants\/bocabadats\/\" target=\"_blank\">GRUP BOCABADATS<\/a> (CATALUNYA)<br \/>\n<a href=\"\/2012\/participants\/les-gates-gatunes\/\">GRUP LES GATES GATUNES<\/a> (CATALUNYA)<br \/>\n<a href=\"\/2012\/participants\/narrin-narran-2\/\">GRUP NARR\u00cdN NARR\u00c1N<\/a> (CATALUNYA)<br \/>\n<a href=\"\/2012\/participants\/vivim-del-cuentu-2\/\">GRUP VIVIM DEL CUENTU<\/a> (CATALUNYA)<\/p>\n<p>&nbsp;<\/p>\n<p>&nbsp;<\/p>\n","protected":false},"excerpt":{"rendered":"<p>ALEKOS I RUB\u00c9N (COL\u00d2MBIA- VENE\u00c7UELA- CATALUNYA) ALBERT MARQU\u00c9S (CATALUNYA) ANTONIO GONZ\u00c1LEZ (VAL\u00c8NCIA) BEGO ALABAZAN (PA\u00cdS BASC) CLAUDIA HORNES (ARGENTINA-CATALUNYA) DIEGO CALAVIA (LA RIOJA) FANNY FUGUET (VENE\u00c7UELA) FERRAN MARTIN (CATALUNYA) IGNASI POTRONY (CATALUNYA) JORDINA BIOSCA (CATALUNYA) JOSELUIS MELLADO (XILE) JOS\u00c9 MANUEL GARZ\u00d3N (VAL\u00c8NCIA) LINSABEL NOGUERA (VENE\u00c7UELA) MAR O. I MAC NOVARA (CATALUNYA) MARICUELA (ARAG\u00d3N) MERC\u00c8 RUB\u00cd&#8230;<\/p>\n","protected":false},"author":1,"featured_media":0,"parent":0,"menu_order":0,"comment_status":"open","ping_status":"closed","template":"","meta":[],"_links":{"self":[{"href":"https:\/\/www.muntdemots.org\/2012\/wp-json\/wp\/v2\/pages\/4"}],"collection":[{"href":"https:\/\/www.muntdemots.org\/2012\/wp-json\/wp\/v2\/pages"}],"about":[{"href":"https:\/\/www.muntdemots.org\/2012\/wp-json\/wp\/v2\/types\/page"}],"author":[{"embeddable":true,"href":"https:\/\/www.muntdemots.org\/2012\/wp-json\/wp\/v2\/users\/1"}],"replies":[{"embeddable":true,"href":"https:\/\/www.muntdemots.org\/2012\/wp-json\/wp\/v2\/comments?post=4"}],"version-history":[{"count":162,"href":"https:\/\/www.muntdemots.org\/2012\/wp-json\/wp\/v2\/pages\/4\/revisions"}],"predecessor-version":[{"id":5999,"href":"https:\/\/www.muntdemots.org\/2012\/wp-json\/wp\/v2\/pages\/4\/revisions\/5999"}],"wp:attachment":[{"href":"https:\/\/www.muntdemots.org\/2012\/wp-json\/wp\/v2\/media?parent=4"}],"curies":[{"name":"wp","href":"https:\/\/api.w.org\/{rel}","templated":true}]}}