{"version":"1.0","provider_name":"Munt de Mots","provider_url":"http:\/\/www.muntdemots.org\/2020","author_name":"Administrador","author_url":"http:\/\/www.muntdemots.org\/2020\/author\/admin\/","title":"SIN VENIR A CUENTO - Munt de Mots","type":"rich","width":600,"height":338,"html":"<blockquote class=\"wp-embedded-content\" data-secret=\"aH7U0DM3hM\"><a href=\"http:\/\/www.muntdemots.org\/2020\/events\/sin-venir-a-cuento\/\">SIN VENIR A CUENTO<\/a><\/blockquote><iframe sandbox=\"allow-scripts\" security=\"restricted\" src=\"http:\/\/www.muntdemots.org\/2020\/events\/sin-venir-a-cuento\/embed\/#?secret=aH7U0DM3hM\" width=\"600\" height=\"338\" title=\"&#8220;SIN VENIR A CUENTO&#8221; &#8212; Munt de Mots\" data-secret=\"aH7U0DM3hM\" frameborder=\"0\" marginwidth=\"0\" marginheight=\"0\" scrolling=\"no\" class=\"wp-embedded-content\"><\/iframe><script type=\"text\/javascript\">\n\/*! This file is auto-generated *\/\n!function(c,d){\"use strict\";var e=!1,o=!1;if(d.querySelector)if(c.addEventListener)e=!0;if(c.wp=c.wp||{},c.wp.receiveEmbedMessage);else if(c.wp.receiveEmbedMessage=function(e){var t=e.data;if(!t);else if(!(t.secret||t.message||t.value));else if(\/[^a-zA-Z0-9]\/.test(t.secret));else{for(var r,s,a,i=d.querySelectorAll('iframe[data-secret=\"'+t.secret+'\"]'),n=d.querySelectorAll('blockquote[data-secret=\"'+t.secret+'\"]'),o=new RegExp(\"^https?:$\",\"i\"),l=0;l<n.length;l++)n[l].style.display=\"none\";for(l=0;l<i.length;l++)if(r=i[l],e.source!==r.contentWindow);else{if(r.removeAttribute(\"style\"),\"height\"===t.message){if(1e3<(s=parseInt(t.value,10)))s=1e3;else if(~~s<200)s=200;r.height=s}if(\"link\"===t.message)if(s=d.createElement(\"a\"),a=d.createElement(\"a\"),s.href=r.getAttribute(\"src\"),a.href=t.value,!o.test(a.protocol));else if(a.host===s.host)if(d.activeElement===r)c.top.location.href=t.value}}},e)c.addEventListener(\"message\",c.wp.receiveEmbedMessage,!1),d.addEventListener(\"DOMContentLoaded\",t,!1),c.addEventListener(\"load\",t,!1);function t(){if(o);else{o=!0;for(var e,t,r,s=-1!==navigator.appVersion.indexOf(\"MSIE 10\"),a=!!navigator.userAgent.match(\/Trident.*rv:11\\.\/),i=d.querySelectorAll(\"iframe.wp-embedded-content\"),n=0;n<i.length;n++){if(!(r=(t=i[n]).getAttribute(\"data-secret\")))r=Math.random().toString(36).substr(2,10),t.src+=\"#?secret=\"+r,t.setAttribute(\"data-secret\",r);if(s||a)(e=t.cloneNode(!0)).removeAttribute(\"security\"),t.parentNode.replaceChild(e,t);t.contentWindow.postMessage({message:\"ready\",secret:r},\"*\")}}}}(window,document);\n<\/script>\n","description":"Rub\u00e9n Mart\u00ednez Santana (Vene\u00e7uela) Una sessi\u00f3 de contes que inclou, precisament, els contes que s\u2019explicaran aquella nit. Ni un m\u00e9s, ni un menys. De manera que millor que vingueu desprevinguts. Aix\u00ed estareu en disposici\u00f3 d\u2019escoltar el que de deb\u00f2 importa. I, en especial, d\u2019escoltar els contes d\u2019aquesta sessi\u00f3. I no us en diem res m\u00e9s [&hellip;]"}