{"id":8352,"date":"2016-09-08T15:35:42","date_gmt":"2016-09-08T15:35:42","guid":{"rendered":"http:\/\/www.muntdemots.org\/2016\/?page_id=8352"},"modified":"2016-09-08T15:36:34","modified_gmt":"2016-09-08T15:36:34","slug":"quico-cadaval-galicia","status":"publish","type":"page","link":"http:\/\/www.muntdemots.org\/2016\/participants\/quico-cadaval-galicia\/","title":{"rendered":"Quico Cadaval (Gal\u00edcia)"},"content":{"rendered":"<p><img decoding=\"async\" loading=\"lazy\" class=\"alignright size-medium wp-image-8289\" src=\"http:\/\/www.muntdemots.org\/2016\/wp-content\/uploads\/2016\/09\/5-300x251.png\" alt=\"5\" width=\"300\" height=\"251\" srcset=\"http:\/\/www.muntdemots.org\/2016\/wp-content\/uploads\/2016\/09\/5-300x251.png 300w, http:\/\/www.muntdemots.org\/2016\/wp-content\/uploads\/2016\/09\/5-768x644.png 768w, http:\/\/www.muntdemots.org\/2016\/wp-content\/uploads\/2016\/09\/5.png 940w\" sizes=\"(max-width: 300px) 100vw, 300px\" \/>Noudivorciat i miop. Narrador, director teatral, actor, eloq\u00fcent xerraire i convidat habitual de diferents universitats del m\u00f3n i a la d\u2019Estiu de Maspalomas. Director de la shakespeariana <em>Nit de Reis<\/em>. Ha contat en diversos festivals: el Aquelarre de L\u2019Havana, el de Bucaramanga, Beja, Atl\u00e1ntica de Santiago, Guadalajara, Segovia. Premi Mar\u00eda Casares del teatre gallec, Max de teatre, Curuxa del Museu del Humor de Fene i Premio da Cultura Galega 2011.<\/p>\n<p>&nbsp;<\/p>\n<p><strong><u>DIMARTS 18<\/u><\/strong><\/p>\n<p><strong>AUTOESTRADAS E CORREDOIRAS <\/strong><\/p>\n<p><strong>Quico Cadaval (Gal\u00edcia) <\/strong><\/p>\n<p>Van venir les autopistes i van foragitar els espectres, i les rotondes van deixar les bruixes sense llocs de reuni\u00f3. Ara les hist\u00f2ries que s\u2019expliquen a l\u2019hivern tenen lloc en discoteques, gasolineres, puticlubs&#8230;<\/p>\n<p><strong>Adults \/ Gallec <\/strong><br \/>\n<strong>Hora: 20.00 h <\/strong><br \/>\n<strong>ATENEU ROIG <\/strong><br \/>\n<strong>Entrada: 5\u20ac <\/strong><\/p>\n<p>&nbsp;<\/p>\n<p><strong><u>DIMECRES 19<\/u><\/strong><\/p>\n<p><strong>Confer\u00e8ncia <\/strong><\/p>\n<p><strong>TODAS LAS CUENTAS VAN EN EL MISMO HILO <\/strong><\/p>\n<p><strong>Quico Cadaval (Gal\u00edcia) <\/strong><\/p>\n<p>Com s\u2019ordenen les hist\u00f2ries? Les perip\u00e8cies, els trets dels personatges, les inclem\u00e8ncies ambientals&#8230; tot \u00e9s necessari per explicar una historia, per\u00f2 com se\u2019n decideix l\u2019ordre?<\/p>\n<p><strong>Adults \/ Castell\u00e0<\/strong><br \/>\n<strong>Hora: 19.00 h<\/strong><br \/>\n<strong>CENTRE D\u2019INTER\u00c8S EN LA NARRACI\u00d3 ORAL BIBLIOTECA VILA DE GR\u00c0CIA<\/strong><br \/>\n<strong>Activitat gratu\u00efta <\/strong><\/p>\n<p>&nbsp;<\/p>\n<p><strong><u>DIJOUS 20<\/u><\/strong><\/p>\n<p><strong>LOS INOCENTES <\/strong><\/p>\n<p><strong>Quico Cadaval (Gal\u00edcia) <\/strong><\/p>\n<p>Els innocents s\u00f3n els personatges que mai no han tingut un paper protagonista en la com\u00e8dia humana. Per aix\u00f2 hem inventat paraules compassives, per no haver de dir-los rucs&#8230;<\/p>\n<p><strong>Adults \/ Castell\u00e0<\/strong><br \/>\n<strong>Hora: 20.30 h<\/strong><br \/>\n<strong>CENTRE C\u00cdVIC PERE QUART <\/strong><br \/>\n<strong>Activitat gratu\u00efta <\/strong><\/p>\n<p>&nbsp;<\/p>\n<p><strong><u>DIVENDRES 21<\/u><\/strong><\/p>\n<p><strong>LA SOMBRA DE LAS PALABRAS <\/strong><\/p>\n<p><strong>Quico Cadaval (Gal\u00edcia) <\/strong><\/p>\n<p>Les hist\u00f2ries de vida acaben convertint-se en paraules. I els seus or\u00edgens es perden en les ombres de la mem\u00f2ria. Heus aqu\u00ed les an\u00e8cdotes que expliquen el m\u00f3n camperol, de quan les vaques eren sagrades.<\/p>\n<p><strong>Adults \/ Castell\u00e0<\/strong><br \/>\n<strong>Hora: 20.30 h<\/strong><br \/>\n<strong>BAR PLA DE LA CALMA (Cardedeu) <\/strong><br \/>\n<strong>Entrada: 5\u20ac <\/strong><\/p>\n<p>&nbsp;<\/p>\n<p><strong><u>DISSABTE 22<\/u><\/strong><\/p>\n<p><strong>LA SOMBRA DE LAS PALABRAS <\/strong><\/p>\n<p><strong>Quico Cadaval (Gal\u00edcia) <\/strong><\/p>\n<p>Les hist\u00f2ries de vida acaben convertint-se en paraules. I els seus or\u00edgens es perden en les ombres de la mem\u00f2ria. Heus aqu\u00ed les an\u00e8cdotes que expliquen el m\u00f3n camperol, de quan les vaques eren sagrades<\/p>\n<p><strong>Adults \/ Castell\u00e0 <\/strong><br \/>\n<strong>Hora: 20.30 h <\/strong><br \/>\n<strong>HARLEM JAZZ CLUB <\/strong><br \/>\n<strong>Entrada: 7\u20ac <\/strong><\/p>\n","protected":false},"excerpt":{"rendered":"<p>Noudivorciat i miop. Narrador, director teatral, actor, eloq\u00fcent xerraire i convidat habitual de diferents universitats del m\u00f3n i a la d\u2019Estiu de Maspalomas. Director de la shakespeariana Nit de Reis. Ha contat en diversos festivals: el Aquelarre de L\u2019Havana, el de Bucaramanga, Beja, Atl\u00e1ntica de Santiago, Guadalajara, Segovia. Premi Mar\u00eda Casares del teatre gallec, Max [&hellip;]<\/p>\n","protected":false},"author":1,"featured_media":0,"parent":4,"menu_order":0,"comment_status":"closed","ping_status":"closed","template":"","meta":{"_mi_skip_tracking":false},"yoast_head":"<!-- This site is optimized with the Yoast SEO plugin v20.5 - https:\/\/yoast.com\/wordpress\/plugins\/seo\/ -->\n<title>Quico Cadaval (Gal\u00edcia) - Munt de Mots<\/title>\n<meta name=\"robots\" content=\"index, follow, max-snippet:-1, max-image-preview:large, max-video-preview:-1\" \/>\n<link rel=\"canonical\" href=\"http:\/\/www.muntdemots.org\/2016\/participants\/quico-cadaval-galicia\/\" \/>\n<meta property=\"og:locale\" content=\"ca_ES\" \/>\n<meta property=\"og:type\" content=\"article\" \/>\n<meta property=\"og:title\" content=\"Quico Cadaval (Gal\u00edcia) - Munt de Mots\" \/>\n<meta property=\"og:description\" content=\"Noudivorciat i miop. Narrador, director teatral, actor, eloq\u00fcent xerraire i convidat habitual de diferents universitats del m\u00f3n i a la d\u2019Estiu de Maspalomas. Director de la shakespeariana Nit de Reis. Ha contat en diversos festivals: el Aquelarre de L\u2019Havana, el de Bucaramanga, Beja, Atl\u00e1ntica de Santiago, Guadalajara, Segovia. Premi Mar\u00eda Casares del teatre gallec, Max [&hellip;]\" \/>\n<meta property=\"og:url\" content=\"http:\/\/www.muntdemots.org\/2016\/participants\/quico-cadaval-galicia\/\" \/>\n<meta property=\"og:site_name\" content=\"Munt de Mots\" \/>\n<meta property=\"article:publisher\" content=\"https:\/\/www.facebook.com\/FestivalMuntdeMots\" \/>\n<meta property=\"article:modified_time\" content=\"2016-09-08T15:36:34+00:00\" \/>\n<meta property=\"og:image\" content=\"http:\/\/www.muntdemots.org\/2016\/wp-content\/uploads\/2016\/09\/5-300x251.png\" \/>\n<meta name=\"twitter:card\" content=\"summary_large_image\" \/>\n<meta name=\"twitter:site\" content=\"@muntdemots\" \/>\n<meta name=\"twitter:label1\" content=\"Temps estimat de lectura\" \/>\n\t<meta name=\"twitter:data1\" content=\"2 minuts\" \/>\n<script type=\"application\/ld+json\" class=\"yoast-schema-graph\">{\"@context\":\"https:\/\/schema.org\",\"@graph\":[{\"@type\":\"WebPage\",\"@id\":\"http:\/\/www.muntdemots.org\/2016\/participants\/quico-cadaval-galicia\/\",\"url\":\"http:\/\/www.muntdemots.org\/2016\/participants\/quico-cadaval-galicia\/\",\"name\":\"Quico Cadaval (Gal\u00edcia) - Munt de Mots\",\"isPartOf\":{\"@id\":\"https:\/\/www.muntdemots.org\/2016\/#website\"},\"datePublished\":\"2016-09-08T15:35:42+00:00\",\"dateModified\":\"2016-09-08T15:36:34+00:00\",\"breadcrumb\":{\"@id\":\"http:\/\/www.muntdemots.org\/2016\/participants\/quico-cadaval-galicia\/#breadcrumb\"},\"inLanguage\":\"ca\",\"potentialAction\":[{\"@type\":\"ReadAction\",\"target\":[\"http:\/\/www.muntdemots.org\/2016\/participants\/quico-cadaval-galicia\/\"]}]},{\"@type\":\"BreadcrumbList\",\"@id\":\"http:\/\/www.muntdemots.org\/2016\/participants\/quico-cadaval-galicia\/#breadcrumb\",\"itemListElement\":[{\"@type\":\"ListItem\",\"position\":1,\"name\":\"Inici\",\"item\":\"https:\/\/www.muntdemots.org\/2016\/\"},{\"@type\":\"ListItem\",\"position\":2,\"name\":\"Participants\",\"item\":\"http:\/\/www.muntdemots.org\/2016\/participants\/\"},{\"@type\":\"ListItem\",\"position\":3,\"name\":\"Quico Cadaval (Gal\u00edcia)\"}]},{\"@type\":\"WebSite\",\"@id\":\"https:\/\/www.muntdemots.org\/2016\/#website\",\"url\":\"https:\/\/www.muntdemots.org\/2016\/\",\"name\":\"Munt de Mots\",\"description\":\"\",\"potentialAction\":[{\"@type\":\"SearchAction\",\"target\":{\"@type\":\"EntryPoint\",\"urlTemplate\":\"https:\/\/www.muntdemots.org\/2016\/?s={search_term_string}\"},\"query-input\":\"required name=search_term_string\"}],\"inLanguage\":\"ca\"}]}<\/script>\n<!-- \/ Yoast SEO plugin. -->","yoast_head_json":{"title":"Quico Cadaval (Gal\u00edcia) - Munt de Mots","robots":{"index":"index","follow":"follow","max-snippet":"max-snippet:-1","max-image-preview":"max-image-preview:large","max-video-preview":"max-video-preview:-1"},"canonical":"http:\/\/www.muntdemots.org\/2016\/participants\/quico-cadaval-galicia\/","og_locale":"ca_ES","og_type":"article","og_title":"Quico Cadaval (Gal\u00edcia) - Munt de Mots","og_description":"Noudivorciat i miop. Narrador, director teatral, actor, eloq\u00fcent xerraire i convidat habitual de diferents universitats del m\u00f3n i a la d\u2019Estiu de Maspalomas. Director de la shakespeariana Nit de Reis. Ha contat en diversos festivals: el Aquelarre de L\u2019Havana, el de Bucaramanga, Beja, Atl\u00e1ntica de Santiago, Guadalajara, Segovia. Premi Mar\u00eda Casares del teatre gallec, Max [&hellip;]","og_url":"http:\/\/www.muntdemots.org\/2016\/participants\/quico-cadaval-galicia\/","og_site_name":"Munt de Mots","article_publisher":"https:\/\/www.facebook.com\/FestivalMuntdeMots","article_modified_time":"2016-09-08T15:36:34+00:00","og_image":[{"url":"http:\/\/www.muntdemots.org\/2016\/wp-content\/uploads\/2016\/09\/5-300x251.png"}],"twitter_card":"summary_large_image","twitter_site":"@muntdemots","twitter_misc":{"Temps estimat de lectura":"2 minuts"},"schema":{"@context":"https:\/\/schema.org","@graph":[{"@type":"WebPage","@id":"http:\/\/www.muntdemots.org\/2016\/participants\/quico-cadaval-galicia\/","url":"http:\/\/www.muntdemots.org\/2016\/participants\/quico-cadaval-galicia\/","name":"Quico Cadaval (Gal\u00edcia) - Munt de Mots","isPartOf":{"@id":"https:\/\/www.muntdemots.org\/2016\/#website"},"datePublished":"2016-09-08T15:35:42+00:00","dateModified":"2016-09-08T15:36:34+00:00","breadcrumb":{"@id":"http:\/\/www.muntdemots.org\/2016\/participants\/quico-cadaval-galicia\/#breadcrumb"},"inLanguage":"ca","potentialAction":[{"@type":"ReadAction","target":["http:\/\/www.muntdemots.org\/2016\/participants\/quico-cadaval-galicia\/"]}]},{"@type":"BreadcrumbList","@id":"http:\/\/www.muntdemots.org\/2016\/participants\/quico-cadaval-galicia\/#breadcrumb","itemListElement":[{"@type":"ListItem","position":1,"name":"Inici","item":"https:\/\/www.muntdemots.org\/2016\/"},{"@type":"ListItem","position":2,"name":"Participants","item":"http:\/\/www.muntdemots.org\/2016\/participants\/"},{"@type":"ListItem","position":3,"name":"Quico Cadaval (Gal\u00edcia)"}]},{"@type":"WebSite","@id":"https:\/\/www.muntdemots.org\/2016\/#website","url":"https:\/\/www.muntdemots.org\/2016\/","name":"Munt de Mots","description":"","potentialAction":[{"@type":"SearchAction","target":{"@type":"EntryPoint","urlTemplate":"https:\/\/www.muntdemots.org\/2016\/?s={search_term_string}"},"query-input":"required name=search_term_string"}],"inLanguage":"ca"}]}},"_links":{"self":[{"href":"http:\/\/www.muntdemots.org\/2016\/wp-json\/wp\/v2\/pages\/8352"}],"collection":[{"href":"http:\/\/www.muntdemots.org\/2016\/wp-json\/wp\/v2\/pages"}],"about":[{"href":"http:\/\/www.muntdemots.org\/2016\/wp-json\/wp\/v2\/types\/page"}],"author":[{"embeddable":true,"href":"http:\/\/www.muntdemots.org\/2016\/wp-json\/wp\/v2\/users\/1"}],"replies":[{"embeddable":true,"href":"http:\/\/www.muntdemots.org\/2016\/wp-json\/wp\/v2\/comments?post=8352"}],"version-history":[{"count":2,"href":"http:\/\/www.muntdemots.org\/2016\/wp-json\/wp\/v2\/pages\/8352\/revisions"}],"predecessor-version":[{"id":8354,"href":"http:\/\/www.muntdemots.org\/2016\/wp-json\/wp\/v2\/pages\/8352\/revisions\/8354"}],"up":[{"embeddable":true,"href":"http:\/\/www.muntdemots.org\/2016\/wp-json\/wp\/v2\/pages\/4"}],"wp:attachment":[{"href":"http:\/\/www.muntdemots.org\/2016\/wp-json\/wp\/v2\/media?parent=8352"}],"curies":[{"name":"wp","href":"https:\/\/api.w.org\/{rel}","templated":true}]}}