{"id":6067,"date":"2012-10-18T13:04:08","date_gmt":"2012-10-18T13:04:08","guid":{"rendered":"http:\/\/www.muntdemots.org\/2012\/?page_id=6067"},"modified":"2015-10-29T09:40:29","modified_gmt":"2015-10-29T09:40:29","slug":"premsa-escrita-i-web","status":"publish","type":"page","link":"http:\/\/www.muntdemots.org\/2015\/premsa\/premsa-escrita-i-web\/","title":{"rendered":"Premsa escrita i web"},"content":{"rendered":"<p>Aqu\u00ed hi trobareu els diferents articles que ha publicat la premsa sobre el festival:<\/p>\n<ul>\n<li><a href=\"http:\/\/www.nuvol.com\/noticies\/quin-preu-tenen-els-contes\/\">Quin preu tenen els contes? &#8211; Al\u00edcia Molina &#8211; N\u00favol.com<\/a><\/li>\n<\/ul>\n<p>&nbsp;<\/p>\n<ul>\n<li><a href=\"http:\/\/www.nuvol.com\/opinio\/tocats-pels-contes-amb-el-festival-munt-de-mots\/\">Tocats pels contes amb el Festival Munt de Mots &#8211; Al\u00edcia Molina &#8211; N\u00favol.com<\/a><\/li>\n<\/ul>\n<p>&nbsp;<\/p>\n<ul>\n<li><a href=\"http:\/\/www.nuvol.com\/opinio\/boniface-ofogo-els-contes-transmeten-tendresa-i-construeixen-realitats\/\">Boniface Ofogo: &#8220;Els contes transmeten tendresa i construeixen realitats&#8221;\u00a0&#8211; N\u00favol.com<\/a><\/li>\n<\/ul>\n<p>&nbsp;<\/p>\n<ul>\n<li><a href=\"http:\/\/www.nuvol.com\/opinio\/albert-estengre-els-contes-ens-distreuen-i-parlen-de-com-som\/\">Albert Estengre: &#8220;Els contes ens distreuen i parlen de com som&#8221; &#8211; N\u00favol.com<\/a><\/li>\n<\/ul>\n<p>&nbsp;<\/p>\n<ul>\n<li><a href=\"http:\/\/www.nuvol.com\/noticies\/paula-carballeira-els-contes-ofereixen-respostes-a-les-grans-i-petites-preguntes-de-la-vida\/\">Paula Carballeira: &#8220;Els contes ofereixen respostes a les grans i petites preguntes de la vida&#8221; &#8211; N\u00favol.com<\/a><\/li>\n<\/ul>\n<p>&nbsp;<\/p>\n<ul>\n<li><a href=\"http:\/\/www.nuvol.com\/noticies\/muntdemots-una-cosa-tan-senzilla-com-real\/\">Munt de Mots. Una cosa tan senzilla com real &#8211; Laia Brisa &#8211; N\u00favol.com<\/a><\/li>\n<\/ul>\n<p>&nbsp;<\/p>\n<ul>\n<li><a href=\"http:\/\/llavorcultural.cat\/anolis-annelore-els-contes-no-son-per-fer-adormir-els-nens-sino-per-despertar-els-adults\/\">Anolis Annelore: &#8220;Els contes no s\u00f3n per fer adormir els nens sin\u00f3 per despertar els adults&#8221; &#8211; LlavorCultural.cat<\/a><\/li>\n<\/ul>\n<p>&nbsp;<\/p>\n<ul>\n<li><a href=\"http:\/\/www.valors.org\/hi-havia-una-vegada-torna-el-munt-de-mots\/\">Hi havia una vegada\u2026 Torna el Munt de mots! &#8211; Revista Valors<\/a><\/li>\n<\/ul>\n<p>&nbsp;<\/p>\n<ul>\n<li><a href=\"http:\/\/xarxanet.org\/cultural\/noticies\/torna-el-festival-munt-de-mots\">Torna el Festival Munt de Mots &#8211; Xarxanet.org<\/a><\/li>\n<\/ul>\n<p>&nbsp;<\/p>\n<ul>\n<li><a href=\"http:\/\/www.muntdemots.org\/2015\/wp-content\/uploads\/2015\/10\/161015qfm025.pdf\">Hi havia una vegada un conte &#8211; Qu\u00e8 fem? &#8211; La Vanguardia<\/a><\/li>\n<\/ul>\n<p>&nbsp;<\/p>\n<ul>\n<li><a href=\"http:\/\/www.muntdemots.org\/2015\/wp-content\/uploads\/2015\/10\/CRcQLw5XAAEtBgu.jpg_large.jpg\">Una invasi\u00f3 de contes &#8211; TimeOut<\/a><\/li>\n<\/ul>\n<p>&nbsp;<\/p>\n<ul>\n<li><a href=\"http:\/\/www.timeout.cat\/barcelona\/ca\/que-fer\/munt-de-mots-2015?utm_content=buffer96935&amp;utm_medium=social&amp;utm_source=twitter.com&amp;utm_campaign=buffer\">Munt de Mots 2015 &#8211; TimeOut<\/a><\/li>\n<\/ul>\n<p>&nbsp;<\/p>\n<ul>\n<li><a href=\"http:\/\/www.lavanguardia.com\/mon-barcelona\/20151017\/54437279651\/contacontes-munt-de-mots-festival.html\">Amor pels contes al Munt de Mots &#8211; La Vanguardia<\/a><\/li>\n<\/ul>\n<p>&nbsp;<\/p>\n<ul>\n<li><a href=\"http:\/\/www.muntdemots.org\/2015\/wp-content\/uploads\/2015\/10\/BONI-OFOGO.pdf\">&#8220;Cuando muere un anciano se quema una biblioteca&#8221; &#8211; El Peri\u00f3dico de Catalunya<\/a><\/li>\n<\/ul>\n<p>&nbsp;<\/p>\n<ul>\n<li><a href=\"http:\/\/www.elperiodico.com\/es\/noticias\/barcelona\/alquimistas-palabra-4601024\">Alquimistas de la palabra &#8211; El Peri\u00f3dico de Catalunya<\/a><\/li>\n<\/ul>\n<p>&nbsp;<\/p>\n<ul>\n<li><a href=\"http:\/\/www.ara.cat\/cultura\/Festival-Narracio-Oral-Munt_de_Mots-Barcelona_0_1451854914.html\">S&#8217;inaugura la sisena edici\u00f3 del Festival de Narraci\u00f3 Oral &#8220;Munt de Mots&#8221; &#8211; Diari Ara<\/a><\/li>\n<\/ul>\n<p>&nbsp;<\/p>\n<ul>\n<li><a href=\"http:\/\/www.butxaca.com\/ca\/agenda\/agenda-del-dia\/details\/cloenda-del-festival-munt-de-mots\/116783\">Munt de Mots 2015 &#8211; La Butxaca<\/a><\/li>\n<\/ul>\n<p>&nbsp;<\/p>\n<ul>\n<li><a href=\"https:\/\/cristinaserrat.wordpress.com\/2015\/09\/28\/munt-de-mots-2015-art-oral\/\">Munt de Mots 2015. Art Oral &#8211; Cristina Serrat<\/a><\/li>\n<\/ul>\n<p>&nbsp;<\/p>\n<ul>\n<li><a href=\"http:\/\/www.jaracuentacuentos.com\/?p=9159\">Festival Munt de Mots. Un gran festival de la palabra en Barcelona &#8211; Jara Sanchis<\/a><\/li>\n<\/ul>\n<p>&nbsp;<\/p>\n<p>Per a m\u00e9s informaci\u00f3, concertar entrevistes, cobrir algun acte&#8230; podeu contactar amb nosaltres a\u00a0<a href=\"mailto:comunicacio@muntdemots.org\">comunicacio@muntdemots.org<\/a><\/p>\n","protected":false},"excerpt":{"rendered":"<p>Aqu\u00ed hi trobareu els diferents articles que ha publicat la premsa sobre el festival: Quin preu tenen els contes? &#8211; Al\u00edcia Molina &#8211; N\u00favol.com &nbsp; Tocats pels contes amb el Festival Munt de Mots &#8211; Al\u00edcia Molina &#8211; N\u00favol.com &nbsp; Boniface Ofogo: &#8220;Els contes transmeten tendresa i construeixen realitats&#8221;\u00a0&#8211; N\u00favol.com &nbsp; Albert Estengre: &#8220;Els contes [&hellip;]<\/p>\n","protected":false},"author":1,"featured_media":0,"parent":2948,"menu_order":0,"comment_status":"open","ping_status":"open","template":"","meta":{"_mi_skip_tracking":false},"yoast_head":"<!-- This site is optimized with the Yoast SEO plugin v20.5 - https:\/\/yoast.com\/wordpress\/plugins\/seo\/ -->\n<title>Premsa escrita i web - Munt de Mots<\/title>\n<meta name=\"robots\" content=\"index, follow, max-snippet:-1, max-image-preview:large, max-video-preview:-1\" \/>\n<link rel=\"canonical\" href=\"http:\/\/www.muntdemots.org\/2015\/premsa\/premsa-escrita-i-web\/\" \/>\n<meta property=\"og:locale\" content=\"ca_ES\" \/>\n<meta property=\"og:type\" content=\"article\" \/>\n<meta property=\"og:title\" content=\"Premsa escrita i web - Munt de Mots\" \/>\n<meta property=\"og:description\" content=\"Aqu\u00ed hi trobareu els diferents articles que ha publicat la premsa sobre el festival: Quin preu tenen els contes? &#8211; Al\u00edcia Molina &#8211; N\u00favol.com &nbsp; Tocats pels contes amb el Festival Munt de Mots &#8211; Al\u00edcia Molina &#8211; N\u00favol.com &nbsp; Boniface Ofogo: &#8220;Els contes transmeten tendresa i construeixen realitats&#8221;\u00a0&#8211; N\u00favol.com &nbsp; Albert Estengre: &#8220;Els contes [&hellip;]\" \/>\n<meta property=\"og:url\" content=\"http:\/\/www.muntdemots.org\/2015\/premsa\/premsa-escrita-i-web\/\" \/>\n<meta property=\"og:site_name\" content=\"Munt de Mots\" \/>\n<meta property=\"article:publisher\" content=\"https:\/\/www.facebook.com\/FestivalMuntdeMots\" \/>\n<meta property=\"article:modified_time\" content=\"2015-10-29T09:40:29+00:00\" \/>\n<meta name=\"twitter:card\" content=\"summary_large_image\" \/>\n<meta name=\"twitter:site\" content=\"@muntdemots\" \/>\n<meta name=\"twitter:label1\" content=\"Temps estimat de lectura\" \/>\n\t<meta name=\"twitter:data1\" content=\"1 minut\" \/>\n<script type=\"application\/ld+json\" class=\"yoast-schema-graph\">{\"@context\":\"https:\/\/schema.org\",\"@graph\":[{\"@type\":\"WebPage\",\"@id\":\"http:\/\/www.muntdemots.org\/2015\/premsa\/premsa-escrita-i-web\/\",\"url\":\"http:\/\/www.muntdemots.org\/2015\/premsa\/premsa-escrita-i-web\/\",\"name\":\"Premsa escrita i web - Munt de Mots\",\"isPartOf\":{\"@id\":\"http:\/\/www.muntdemots.org\/2015\/#website\"},\"datePublished\":\"2012-10-18T13:04:08+00:00\",\"dateModified\":\"2015-10-29T09:40:29+00:00\",\"breadcrumb\":{\"@id\":\"http:\/\/www.muntdemots.org\/2015\/premsa\/premsa-escrita-i-web\/#breadcrumb\"},\"inLanguage\":\"ca\",\"potentialAction\":[{\"@type\":\"ReadAction\",\"target\":[\"http:\/\/www.muntdemots.org\/2015\/premsa\/premsa-escrita-i-web\/\"]}]},{\"@type\":\"BreadcrumbList\",\"@id\":\"http:\/\/www.muntdemots.org\/2015\/premsa\/premsa-escrita-i-web\/#breadcrumb\",\"itemListElement\":[{\"@type\":\"ListItem\",\"position\":1,\"name\":\"Inici\",\"item\":\"http:\/\/www.muntdemots.org\/2015\/\"},{\"@type\":\"ListItem\",\"position\":2,\"name\":\"Premsa\",\"item\":\"http:\/\/www.muntdemots.org\/2015\/premsa\/\"},{\"@type\":\"ListItem\",\"position\":3,\"name\":\"Premsa escrita i web\"}]},{\"@type\":\"WebSite\",\"@id\":\"http:\/\/www.muntdemots.org\/2015\/#website\",\"url\":\"http:\/\/www.muntdemots.org\/2015\/\",\"name\":\"Munt de Mots\",\"description\":\"\",\"potentialAction\":[{\"@type\":\"SearchAction\",\"target\":{\"@type\":\"EntryPoint\",\"urlTemplate\":\"http:\/\/www.muntdemots.org\/2015\/?s={search_term_string}\"},\"query-input\":\"required name=search_term_string\"}],\"inLanguage\":\"ca\"}]}<\/script>\n<!-- \/ Yoast SEO plugin. -->","yoast_head_json":{"title":"Premsa escrita i web - Munt de Mots","robots":{"index":"index","follow":"follow","max-snippet":"max-snippet:-1","max-image-preview":"max-image-preview:large","max-video-preview":"max-video-preview:-1"},"canonical":"http:\/\/www.muntdemots.org\/2015\/premsa\/premsa-escrita-i-web\/","og_locale":"ca_ES","og_type":"article","og_title":"Premsa escrita i web - Munt de Mots","og_description":"Aqu\u00ed hi trobareu els diferents articles que ha publicat la premsa sobre el festival: Quin preu tenen els contes? &#8211; Al\u00edcia Molina &#8211; N\u00favol.com &nbsp; Tocats pels contes amb el Festival Munt de Mots &#8211; Al\u00edcia Molina &#8211; N\u00favol.com &nbsp; Boniface Ofogo: &#8220;Els contes transmeten tendresa i construeixen realitats&#8221;\u00a0&#8211; N\u00favol.com &nbsp; Albert Estengre: &#8220;Els contes [&hellip;]","og_url":"http:\/\/www.muntdemots.org\/2015\/premsa\/premsa-escrita-i-web\/","og_site_name":"Munt de Mots","article_publisher":"https:\/\/www.facebook.com\/FestivalMuntdeMots","article_modified_time":"2015-10-29T09:40:29+00:00","twitter_card":"summary_large_image","twitter_site":"@muntdemots","twitter_misc":{"Temps estimat de lectura":"1 minut"},"schema":{"@context":"https:\/\/schema.org","@graph":[{"@type":"WebPage","@id":"http:\/\/www.muntdemots.org\/2015\/premsa\/premsa-escrita-i-web\/","url":"http:\/\/www.muntdemots.org\/2015\/premsa\/premsa-escrita-i-web\/","name":"Premsa escrita i web - Munt de Mots","isPartOf":{"@id":"http:\/\/www.muntdemots.org\/2015\/#website"},"datePublished":"2012-10-18T13:04:08+00:00","dateModified":"2015-10-29T09:40:29+00:00","breadcrumb":{"@id":"http:\/\/www.muntdemots.org\/2015\/premsa\/premsa-escrita-i-web\/#breadcrumb"},"inLanguage":"ca","potentialAction":[{"@type":"ReadAction","target":["http:\/\/www.muntdemots.org\/2015\/premsa\/premsa-escrita-i-web\/"]}]},{"@type":"BreadcrumbList","@id":"http:\/\/www.muntdemots.org\/2015\/premsa\/premsa-escrita-i-web\/#breadcrumb","itemListElement":[{"@type":"ListItem","position":1,"name":"Inici","item":"http:\/\/www.muntdemots.org\/2015\/"},{"@type":"ListItem","position":2,"name":"Premsa","item":"http:\/\/www.muntdemots.org\/2015\/premsa\/"},{"@type":"ListItem","position":3,"name":"Premsa escrita i web"}]},{"@type":"WebSite","@id":"http:\/\/www.muntdemots.org\/2015\/#website","url":"http:\/\/www.muntdemots.org\/2015\/","name":"Munt de Mots","description":"","potentialAction":[{"@type":"SearchAction","target":{"@type":"EntryPoint","urlTemplate":"http:\/\/www.muntdemots.org\/2015\/?s={search_term_string}"},"query-input":"required name=search_term_string"}],"inLanguage":"ca"}]}},"_links":{"self":[{"href":"http:\/\/www.muntdemots.org\/2015\/wp-json\/wp\/v2\/pages\/6067"}],"collection":[{"href":"http:\/\/www.muntdemots.org\/2015\/wp-json\/wp\/v2\/pages"}],"about":[{"href":"http:\/\/www.muntdemots.org\/2015\/wp-json\/wp\/v2\/types\/page"}],"author":[{"embeddable":true,"href":"http:\/\/www.muntdemots.org\/2015\/wp-json\/wp\/v2\/users\/1"}],"replies":[{"embeddable":true,"href":"http:\/\/www.muntdemots.org\/2015\/wp-json\/wp\/v2\/comments?post=6067"}],"version-history":[{"count":58,"href":"http:\/\/www.muntdemots.org\/2015\/wp-json\/wp\/v2\/pages\/6067\/revisions"}],"predecessor-version":[{"id":8271,"href":"http:\/\/www.muntdemots.org\/2015\/wp-json\/wp\/v2\/pages\/6067\/revisions\/8271"}],"up":[{"embeddable":true,"href":"http:\/\/www.muntdemots.org\/2015\/wp-json\/wp\/v2\/pages\/2948"}],"wp:attachment":[{"href":"http:\/\/www.muntdemots.org\/2015\/wp-json\/wp\/v2\/media?parent=6067"}],"curies":[{"name":"wp","href":"https:\/\/api.w.org\/{rel}","templated":true}]}}