{"id":31,"date":"2012-07-01T16:15:43","date_gmt":"2012-07-01T16:15:43","guid":{"rendered":"http:\/\/www.muntdemots.org\/"},"modified":"2015-10-01T18:00:08","modified_gmt":"2015-10-01T18:00:08","slug":"24oct","status":"publish","type":"page","link":"http:\/\/www.muntdemots.org\/2015\/calendari\/24oct\/","title":{"rendered":"Divendres, 23 d&#8217;octubre"},"content":{"rendered":"<p><strong>CANTA I BALLA EL CONTE!<\/strong><br \/>\n<a href=\"http:\/\/www.muntdemots.org\/2015\/participants\/vivim-del-cuentu-catalunya\/\"><strong>Grup Vivim del Cuentu (Catalunya)<\/strong><\/a><\/p>\n<p>Contes ballats i cantats? O danses i can\u00e7ons contades? Els culs m\u00e9s inquiets<br \/>\npodran cantar i ballar, alhora que gaudiran d\u2019una bonica hist\u00f2ria relacionada<br \/>\namb cada ball i cada can\u00e7\u00f3.<\/p>\n<p>Infantil \/ Catal\u00e0<br \/>\n<strong>Hora: 18.00h<\/strong><br \/>\n<strong><a href=\"http:\/\/www.muntdemots.org\/2015\/locations\/centre-civic-cotxeres-borrell\/\">CENTRE C\u00cdVIC COTXERES BORRELL<\/a><\/strong><br \/>\nActivitat gratu\u00efta<\/p>\n<hr \/>\n<p><strong>SU REAL SURREALIDAD<\/strong><br \/>\n<strong><a href=\"http:\/\/www.muntdemots.org\/2015\/participants\/3lios-trio\/\">3L\u00edosTr\u00edo (Col\u00f2mbia \u2013 It\u00e0lia \u2013 Catalunya)<\/a><\/strong><\/p>\n<p>Una banda sonora acompanya un conjunt de contes, jocs r\u00edtmics, objectes,<br \/>\nlletres, onomatopeies i imatges. Tiplina, tromb\u00f3, flauta, veu i instruments<br \/>\nconvidats&#8230; Els contes s\u00f3n un recopilatori creatiu i recreatiu d\u2019hist\u00f2ries pr\u00f2pies<br \/>\nd\u2019autor i populars que uneixen tres cultures diferents: Col\u00f2mbia, N\u00e0pols i<br \/>\nCatalunya.<\/p>\n<p>Adults \/ Castell\u00e0<br \/>\n<strong>Hora: 18.00h<\/strong><br \/>\n<strong><a href=\"http:\/\/www.muntdemots.org\/2015\/locations\/patillimona\/\">CASAL INFANTIL DEL PATI LLIMONA<\/a><\/strong><br \/>\nActivitat gratu\u00efta<\/p>\n<hr \/>\n<p><strong>CONTES SUFIS<\/strong><br \/>\n<strong><a href=\"http:\/\/www.muntdemots.org\/2015\/participants\/ali-el-aziz-marroc-catalunya\/\">Ali el Aziz (Marroc &#8211; Catalunya)<\/a><\/strong><\/p>\n<p>Aqu\u00ed s&#8217;amaga la saviesa: en els contes que ha creat la cultura suf\u00ed<br \/>\nper preservar-la, per oferir-la com a gu\u00eda a tots el que vulguin<br \/>\nseguir el cam\u00ed del coneixement m\u00e9s hum\u00e0.<\/p>\n<p>Adults\/ Castell\u00e0<br \/>\n<strong>Hora: 19.30h<\/strong><br \/>\n<strong><a href=\"http:\/\/www.muntdemots.org\/2015\/locations\/biblioteca-montbau-albert-perez-baro\/\">BIBLIOTECA MONTBAU-ALBERT P\u00c9REZ BAR\u00d3<\/a><\/strong><br \/>\nActivitat gratu\u00efta<\/p>\n<hr \/>\n<p><strong>DIVINES SEDUCCIONS<\/strong><br \/>\n<a href=\"http:\/\/www.muntdemots.org\/2015\/participants\/arnau-vilardebo-catalunya\/\"><strong>Arnau Vilardeb\u00f2 (Catalunya)<\/strong><\/a><\/p>\n<p>Mitologia grega amb humor, \u00e9s a dir, seriosa i acad\u00e8mica. La humanitat va<br \/>\ninventar les divinitats a partir dels seus gustos i desitjos. Escollirem alguns<br \/>\nrelats entre els d\u2019Eros, Zeus, Europa, Pers\u00e8fone, Adonis, Metis, N\u00e8mesis,<br \/>\nDionis, Hefest, Dem\u00e8er, Hades&#8230; Som com eren i eren com som.<\/p>\n<p>Adults \/ Catal\u00e0<br \/>\n<strong>Hora: 19.00h<\/strong><br \/>\n<strong><a href=\"http:\/\/www.muntdemots.org\/2015\/locations\/centre-cultural-ton-i-guida\/\">CENTRE CULTURAL TON I GUIDA<\/a><\/strong><br \/>\nActivitat gratu\u00efta<\/p>\n<hr \/>\n<p><a href=\"http:\/\/www.muntdemots.org\/2015\/participants\/tu-contes-jam-de-contes\/\"><strong>TU CONTES<\/strong><\/a><br \/>\n<strong>Condu\u00eft pel grup Las Lindas (Catalunya)<\/strong><\/p>\n<p>Espai de trobada obert a tothom, tant per a qui vingui a contar contes com per<br \/>\na qui vingui nom\u00e9s a escoltar-los. Poden ser contes llargs, curts, amb m\u00fasica o<br \/>\nsense; per a petits, joves, adults, gent gran&#8230; per a tothom! El segon divendres<br \/>\nde cada mes a les 19.00h al CC Torre Llobeta ens trobar\u00e0s. Nom\u00e9s hi faltes tu!<\/p>\n<p>Adults \/ Catal\u00e0 i castell\u00e0<br \/>\n<strong>Hora: 19.00h<\/strong><br \/>\n<strong><a href=\"http:\/\/www.muntdemots.org\/2015\/locations\/torre-llobeta\/\">CENTRE C\u00cdVIC TORRE LLOBETA<\/a><\/strong><br \/>\nActivitat gratu\u00efta<\/p>\n<hr \/>\n<p>Confer\u00e8ncia<br \/>\n<strong>L\u2019ARBRE DE TOTES LES FRUITES<\/strong><br \/>\n<strong><a href=\"http:\/\/www.muntdemots.org\/2015\/participants\/alexander-hernandez-venecuela\/\">Alex\u00e1nder Hern\u00e1ndez (Vene\u00e7uela)<\/a><\/strong><\/p>\n<p>La narraci\u00f3 oral tradicional \u00e9s com l\u2019arbre de totes fuites que ni animals ni<br \/>\npersones podien abastar-les. \u00c9s el narrador, amb la seva m\u00e0gia particular, qui<br \/>\ntreballa en cada conte com a mediador entre els animals, el lloc dels esperits,<br \/>\nels humans i el m\u00f3n present. Parlarem des dels narradors tradicionals als<br \/>\ncontemporanis i s\u2019intentar\u00e0 mantenir el fil dels contes sense distreure\u2019ns amb<br \/>\nles branques plenes de fruites.<\/p>\n<p>Adults \/ Castell\u00e0<br \/>\n<strong>Hora: 19.30h<\/strong><br \/>\n<strong>CENTRE D\u2019INTER\u00c8S EN LA NARRACI\u00d3 ORAL<\/strong><br \/>\n<strong><a href=\"http:\/\/www.muntdemots.org\/2015\/locations\/biblioteca-vila-de-gracia\/\">BIBLIOTECA VILA DE GR\u00c0CIA<\/a><\/strong><br \/>\nActivitat gratu\u00efta<\/p>\n<hr \/>\n<p><strong>QU\u00c9 NO HAR\u00cdA YO PARA QUE ME QUISIERAS<\/strong><br \/>\n<strong><a href=\"http:\/\/www.muntdemots.org\/2015\/participants\/itziar-rekalde-pais-basc\/\">Itziar Rekalde (Pa\u00eds Basc)<\/a><\/strong><\/p>\n<p>Aprenent i oblidant, vessant-la unes vegades i encertant-la altres, m\u2019he adonat<br \/>\nque l\u2019amor, o el desamor, \u00e9s el que m\u2019impulsa a continuar viva. Com si es<br \/>\ntract\u00e9s de cavallers amb les seves armadures, els protagonistes d\u2019aquestes<br \/>\nhist\u00f2ries estan disposats a fer qualsevol cosa per aconseguir que els estimin.<br \/>\nSegur que aix\u00f2 li passa a tothom! O no?<\/p>\n<p>Adults \/ Castell\u00e0<br \/>\n<strong>Hora: 19.30h<\/strong><br \/>\n<strong><a href=\"http:\/\/www.muntdemots.org\/2015\/locations\/centre-civic-urgell\/\">CENTRE C\u00cdVIC URGELL<\/a><\/strong><br \/>\nActivitat gratu\u00efta<\/p>\n<hr \/>\n<p><strong>AD LITTERA LATERIS<\/strong><br \/>\n<strong><a href=\"http:\/\/www.muntdemots.org\/2015\/participants\/matias-tarraga-murcia\/\">Mat\u00edas T\u00e1rraga (M\u00farcia)<\/a><\/strong><\/p>\n<p>\u00c9s un espectacle en qu\u00e8, com el seu nom indica, un es troba al costat de les<br \/>\nlletres en franca companyia i indestructible camaraderia; tamb\u00e9, per\u00f2, fora de<br \/>\nperill de les trepitjades, fent anar els designis literaris com l\u2019astut conseller que<br \/>\nconven\u00e7 el rei que el millor per guanyar la guerra \u00e9s que es casi amb la seva<br \/>\nfilla.<\/p>\n<p>Adults \/ Castell\u00e0<br \/>\n<strong>Hora: 20.00h<\/strong><br \/>\n<strong><a href=\"http:\/\/www.muntdemots.org\/2015\/locations\/centre-civic-casa-del-rellotge-sala-pepita-casanella\/\">SALA PETITA CASANELLA<\/a> (CC CASA DEL RELLOTGE)<\/strong><br \/>\nEntrada: 2.30\u20ac<\/p>\n<hr \/>\n<p><strong>CUENTOS DE PROVENCE:<br \/>\n<\/strong><strong>LA CABRA DE ORO Y OTRAS ENCABRONADAS<\/strong><br \/>\n<a href=\"http:\/\/www.muntdemots.org\/2015\/participants\/anolis-annelore-franca\/\"><strong>Anolis Annelore (Fran\u00e7a)<\/strong><\/a><\/p>\n<p>La Proven\u00e7a \u2013sud-est de Fran\u00e7a\u2013 guarda des de l\u2019edat mitjana<br \/>\nnombroses llegendes de tresors amagats custodiats per temibles<br \/>\ncabres d\u2019or&#8230; Mentre un pag\u00e8s la va desafiant, una reina \u2013que<br \/>\ns\u2019amaga en un altre conte\u2013 espera el seu torn.<\/p>\n<p>Adults \/ Castell\u00e0<br \/>\n<strong>Hora: 20.00 h<\/strong><br \/>\n<a href=\"http:\/\/www.muntdemots.org\/2015\/locations\/roca-umbert\/\">SALA D\u2019ACTES- ROCA UMBERT<\/a> (GRANOLLERS)<br \/>\nActivitat gratu\u00efta<\/p>\n<hr \/>\n<h1><strong>\u00a0<\/strong><\/h1>\n","protected":false},"excerpt":{"rendered":"<p>CANTA I BALLA EL CONTE! Grup Vivim del Cuentu (Catalunya) Contes ballats i cantats? O danses i can\u00e7ons contades? Els culs m\u00e9s inquiets podran cantar i ballar, alhora que gaudiran d\u2019una bonica hist\u00f2ria relacionada amb cada ball i cada can\u00e7\u00f3. Infantil \/ Catal\u00e0 Hora: 18.00h CENTRE C\u00cdVIC COTXERES BORRELL Activitat gratu\u00efta SU REAL SURREALIDAD 3L\u00edosTr\u00edo [&hellip;]<\/p>\n","protected":false},"author":1,"featured_media":0,"parent":4928,"menu_order":0,"comment_status":"open","ping_status":"closed","template":"","meta":{"_mi_skip_tracking":false},"yoast_head":"<!-- This site is optimized with the Yoast SEO plugin v20.5 - https:\/\/yoast.com\/wordpress\/plugins\/seo\/ -->\n<title>Divendres, 23 d&#039;octubre - Munt de Mots<\/title>\n<meta name=\"robots\" content=\"index, follow, max-snippet:-1, max-image-preview:large, max-video-preview:-1\" \/>\n<link rel=\"canonical\" href=\"https:\/\/www.muntdemots.org\/2015\/calendari\/24oct\/\" \/>\n<meta property=\"og:locale\" content=\"ca_ES\" \/>\n<meta property=\"og:type\" content=\"article\" \/>\n<meta property=\"og:title\" content=\"Divendres, 23 d&#039;octubre - Munt de Mots\" \/>\n<meta property=\"og:description\" content=\"CANTA I BALLA EL CONTE! Grup Vivim del Cuentu (Catalunya) Contes ballats i cantats? O danses i can\u00e7ons contades? Els culs m\u00e9s inquiets podran cantar i ballar, alhora que gaudiran d\u2019una bonica hist\u00f2ria relacionada amb cada ball i cada can\u00e7\u00f3. Infantil \/ Catal\u00e0 Hora: 18.00h CENTRE C\u00cdVIC COTXERES BORRELL Activitat gratu\u00efta SU REAL SURREALIDAD 3L\u00edosTr\u00edo [&hellip;]\" \/>\n<meta property=\"og:url\" content=\"https:\/\/www.muntdemots.org\/2015\/calendari\/24oct\/\" \/>\n<meta property=\"og:site_name\" content=\"Munt de Mots\" \/>\n<meta property=\"article:publisher\" content=\"https:\/\/www.facebook.com\/FestivalMuntdeMots\" \/>\n<meta property=\"article:modified_time\" content=\"2015-10-01T18:00:08+00:00\" \/>\n<meta name=\"twitter:card\" content=\"summary_large_image\" \/>\n<meta name=\"twitter:site\" content=\"@muntdemots\" \/>\n<meta name=\"twitter:label1\" content=\"Temps estimat de lectura\" \/>\n\t<meta name=\"twitter:data1\" content=\"3 minuts\" \/>\n<script type=\"application\/ld+json\" class=\"yoast-schema-graph\">{\"@context\":\"https:\/\/schema.org\",\"@graph\":[{\"@type\":\"WebPage\",\"@id\":\"https:\/\/www.muntdemots.org\/2015\/calendari\/24oct\/\",\"url\":\"https:\/\/www.muntdemots.org\/2015\/calendari\/24oct\/\",\"name\":\"Divendres, 23 d'octubre - Munt de Mots\",\"isPartOf\":{\"@id\":\"http:\/\/www.muntdemots.org\/2015\/#website\"},\"datePublished\":\"2012-07-01T16:15:43+00:00\",\"dateModified\":\"2015-10-01T18:00:08+00:00\",\"breadcrumb\":{\"@id\":\"https:\/\/www.muntdemots.org\/2015\/calendari\/24oct\/#breadcrumb\"},\"inLanguage\":\"ca\",\"potentialAction\":[{\"@type\":\"ReadAction\",\"target\":[\"https:\/\/www.muntdemots.org\/2015\/calendari\/24oct\/\"]}]},{\"@type\":\"BreadcrumbList\",\"@id\":\"https:\/\/www.muntdemots.org\/2015\/calendari\/24oct\/#breadcrumb\",\"itemListElement\":[{\"@type\":\"ListItem\",\"position\":1,\"name\":\"Inici\",\"item\":\"http:\/\/www.muntdemots.org\/2015\/\"},{\"@type\":\"ListItem\",\"position\":2,\"name\":\"Calendari\",\"item\":\"http:\/\/www.muntdemots.org\/2015\/calendari\/\"},{\"@type\":\"ListItem\",\"position\":3,\"name\":\"Divendres, 23 d&#8217;octubre\"}]},{\"@type\":\"WebSite\",\"@id\":\"http:\/\/www.muntdemots.org\/2015\/#website\",\"url\":\"http:\/\/www.muntdemots.org\/2015\/\",\"name\":\"Munt de Mots\",\"description\":\"\",\"potentialAction\":[{\"@type\":\"SearchAction\",\"target\":{\"@type\":\"EntryPoint\",\"urlTemplate\":\"http:\/\/www.muntdemots.org\/2015\/?s={search_term_string}\"},\"query-input\":\"required name=search_term_string\"}],\"inLanguage\":\"ca\"}]}<\/script>\n<!-- \/ Yoast SEO plugin. -->","yoast_head_json":{"title":"Divendres, 23 d'octubre - Munt de Mots","robots":{"index":"index","follow":"follow","max-snippet":"max-snippet:-1","max-image-preview":"max-image-preview:large","max-video-preview":"max-video-preview:-1"},"canonical":"https:\/\/www.muntdemots.org\/2015\/calendari\/24oct\/","og_locale":"ca_ES","og_type":"article","og_title":"Divendres, 23 d'octubre - Munt de Mots","og_description":"CANTA I BALLA EL CONTE! Grup Vivim del Cuentu (Catalunya) Contes ballats i cantats? O danses i can\u00e7ons contades? Els culs m\u00e9s inquiets podran cantar i ballar, alhora que gaudiran d\u2019una bonica hist\u00f2ria relacionada amb cada ball i cada can\u00e7\u00f3. Infantil \/ Catal\u00e0 Hora: 18.00h CENTRE C\u00cdVIC COTXERES BORRELL Activitat gratu\u00efta SU REAL SURREALIDAD 3L\u00edosTr\u00edo [&hellip;]","og_url":"https:\/\/www.muntdemots.org\/2015\/calendari\/24oct\/","og_site_name":"Munt de Mots","article_publisher":"https:\/\/www.facebook.com\/FestivalMuntdeMots","article_modified_time":"2015-10-01T18:00:08+00:00","twitter_card":"summary_large_image","twitter_site":"@muntdemots","twitter_misc":{"Temps estimat de lectura":"3 minuts"},"schema":{"@context":"https:\/\/schema.org","@graph":[{"@type":"WebPage","@id":"https:\/\/www.muntdemots.org\/2015\/calendari\/24oct\/","url":"https:\/\/www.muntdemots.org\/2015\/calendari\/24oct\/","name":"Divendres, 23 d'octubre - Munt de Mots","isPartOf":{"@id":"http:\/\/www.muntdemots.org\/2015\/#website"},"datePublished":"2012-07-01T16:15:43+00:00","dateModified":"2015-10-01T18:00:08+00:00","breadcrumb":{"@id":"https:\/\/www.muntdemots.org\/2015\/calendari\/24oct\/#breadcrumb"},"inLanguage":"ca","potentialAction":[{"@type":"ReadAction","target":["https:\/\/www.muntdemots.org\/2015\/calendari\/24oct\/"]}]},{"@type":"BreadcrumbList","@id":"https:\/\/www.muntdemots.org\/2015\/calendari\/24oct\/#breadcrumb","itemListElement":[{"@type":"ListItem","position":1,"name":"Inici","item":"http:\/\/www.muntdemots.org\/2015\/"},{"@type":"ListItem","position":2,"name":"Calendari","item":"http:\/\/www.muntdemots.org\/2015\/calendari\/"},{"@type":"ListItem","position":3,"name":"Divendres, 23 d&#8217;octubre"}]},{"@type":"WebSite","@id":"http:\/\/www.muntdemots.org\/2015\/#website","url":"http:\/\/www.muntdemots.org\/2015\/","name":"Munt de Mots","description":"","potentialAction":[{"@type":"SearchAction","target":{"@type":"EntryPoint","urlTemplate":"http:\/\/www.muntdemots.org\/2015\/?s={search_term_string}"},"query-input":"required name=search_term_string"}],"inLanguage":"ca"}]}},"_links":{"self":[{"href":"http:\/\/www.muntdemots.org\/2015\/wp-json\/wp\/v2\/pages\/31"}],"collection":[{"href":"http:\/\/www.muntdemots.org\/2015\/wp-json\/wp\/v2\/pages"}],"about":[{"href":"http:\/\/www.muntdemots.org\/2015\/wp-json\/wp\/v2\/types\/page"}],"author":[{"embeddable":true,"href":"http:\/\/www.muntdemots.org\/2015\/wp-json\/wp\/v2\/users\/1"}],"replies":[{"embeddable":true,"href":"http:\/\/www.muntdemots.org\/2015\/wp-json\/wp\/v2\/comments?post=31"}],"version-history":[{"count":120,"href":"http:\/\/www.muntdemots.org\/2015\/wp-json\/wp\/v2\/pages\/31\/revisions"}],"predecessor-version":[{"id":8129,"href":"http:\/\/www.muntdemots.org\/2015\/wp-json\/wp\/v2\/pages\/31\/revisions\/8129"}],"up":[{"embeddable":true,"href":"http:\/\/www.muntdemots.org\/2015\/wp-json\/wp\/v2\/pages\/4928"}],"wp:attachment":[{"href":"http:\/\/www.muntdemots.org\/2015\/wp-json\/wp\/v2\/media?parent=31"}],"curies":[{"name":"wp","href":"https:\/\/api.w.org\/{rel}","templated":true}]}}