{"id":7505,"date":"2014-10-10T07:19:13","date_gmt":"2014-10-10T07:19:13","guid":{"rendered":"http:\/\/www.muntdemots.org\/2014\/?page_id=7505"},"modified":"2014-10-10T07:19:13","modified_gmt":"2014-10-10T07:19:13","slug":"canvis-en-la-programacio","status":"publish","type":"page","link":"http:\/\/www.muntdemots.org\/2014\/canvis-en-la-programacio\/","title":{"rendered":"Canvis en la programaci\u00f3"},"content":{"rendered":"<p><strong>MI\u00c9RCOLES 22 DE OCTUBRE. Bar Pla de la Calma (Cardedeu)<\/strong><\/p>\n<p>Rub\u00e9n Mart\u00ednez Santana presentar\u00e1 <strong>MUJERES Y RESPUESTAS<\/strong> a las 20.30h, sustituyendo a Raquel de Manuel Mur<\/p>\n<p>&nbsp;<\/p>\n<p><strong>VIERNES 24 DE OCTUBRE. Ateneu Roig.<\/strong><\/p>\n<p>La funci\u00f3n en idioma gallego,\u00a0<strong>GALIZA<\/strong>, se har\u00e1 el JUEVES 23 DE OCTUBRE. Mismo lugar, misma hora, mismo narrador.<\/p>\n<p>&nbsp;<\/p>\n<p><strong>VIERNES 24 DE OCTUBRE.\u00a0 C.C. Cotxeres Borrell<\/strong><\/p>\n<p>Rub\u00e9n Mart\u00ednez Santana con la funci\u00f3n infantil <strong>AMERICANTOS<\/strong>, a las 18h, sustituyendo a Raquel de Manuel Mur<\/p>\n<p>&nbsp;<\/p>\n<p><strong>S\u00c1BADO 25 DE OCTUBRE. C.C. Torre Llobeta<\/strong><\/p>\n<p>Assumpta Mercader con <strong>EL PETITI PRINCEP<\/strong> a las 18h.<strong> NUEVA FUNCI\u00d3N!\u00a0<\/strong><\/p>\n<p><strong>\u00a0<\/strong><\/p>\n<p><strong>S\u00c1BADO 25 DE OCTUBRE.\u00a0 El Almazen<\/strong><\/p>\n<p>Laura Rodriguez se presentar\u00e1 con su espect\u00e1culo <strong>SOPEM..?<\/strong> a las <strong>18h<\/strong><\/p>\n","protected":false},"excerpt":{"rendered":"<p>MI\u00c9RCOLES 22 DE OCTUBRE. Bar Pla de la Calma (Cardedeu) Rub\u00e9n Mart\u00ednez Santana presentar\u00e1 MUJERES Y RESPUESTAS a las 20.30h, sustituyendo a Raquel de Manuel Mur &nbsp; VIERNES 24 DE OCTUBRE. Ateneu Roig. La funci\u00f3n en idioma gallego,\u00a0GALIZA, se har\u00e1 el JUEVES 23 DE OCTUBRE. Mismo lugar, misma hora, mismo narrador. &nbsp; VIERNES 24 DE [&hellip;]<\/p>\n","protected":false},"author":1,"featured_media":0,"parent":0,"menu_order":0,"comment_status":"open","ping_status":"open","template":"","meta":{"_mi_skip_tracking":false},"yoast_head":"<!-- This site is optimized with the Yoast SEO plugin v20.5 - https:\/\/yoast.com\/wordpress\/plugins\/seo\/ -->\n<title>Canvis en la programaci\u00f3 - Munt de Mots<\/title>\n<meta name=\"robots\" content=\"index, follow, max-snippet:-1, max-image-preview:large, max-video-preview:-1\" \/>\n<link rel=\"canonical\" href=\"http:\/\/www.muntdemots.org\/2014\/canvis-en-la-programacio\/\" \/>\n<meta property=\"og:locale\" content=\"ca_ES\" \/>\n<meta property=\"og:type\" content=\"article\" \/>\n<meta property=\"og:title\" content=\"Canvis en la programaci\u00f3 - Munt de Mots\" \/>\n<meta property=\"og:description\" content=\"MI\u00c9RCOLES 22 DE OCTUBRE. Bar Pla de la Calma (Cardedeu) Rub\u00e9n Mart\u00ednez Santana presentar\u00e1 MUJERES Y RESPUESTAS a las 20.30h, sustituyendo a Raquel de Manuel Mur &nbsp; VIERNES 24 DE OCTUBRE. Ateneu Roig. La funci\u00f3n en idioma gallego,\u00a0GALIZA, se har\u00e1 el JUEVES 23 DE OCTUBRE. Mismo lugar, misma hora, mismo narrador. &nbsp; VIERNES 24 DE [&hellip;]\" \/>\n<meta property=\"og:url\" content=\"http:\/\/www.muntdemots.org\/2014\/canvis-en-la-programacio\/\" \/>\n<meta property=\"og:site_name\" content=\"Munt de Mots\" \/>\n<meta property=\"article:publisher\" content=\"https:\/\/www.facebook.com\/FestivalMuntdeMots\" \/>\n<meta name=\"twitter:card\" content=\"summary_large_image\" \/>\n<meta name=\"twitter:site\" content=\"@muntdemots\" \/>\n<meta name=\"twitter:label1\" content=\"Temps estimat de lectura\" \/>\n\t<meta name=\"twitter:data1\" content=\"1 minut\" \/>\n<script type=\"application\/ld+json\" class=\"yoast-schema-graph\">{\"@context\":\"https:\/\/schema.org\",\"@graph\":[{\"@type\":\"WebPage\",\"@id\":\"http:\/\/www.muntdemots.org\/2014\/canvis-en-la-programacio\/\",\"url\":\"http:\/\/www.muntdemots.org\/2014\/canvis-en-la-programacio\/\",\"name\":\"Canvis en la programaci\u00f3 - Munt de Mots\",\"isPartOf\":{\"@id\":\"http:\/\/www.muntdemots.org\/2014\/#website\"},\"datePublished\":\"2014-10-10T07:19:13+00:00\",\"dateModified\":\"2014-10-10T07:19:13+00:00\",\"breadcrumb\":{\"@id\":\"http:\/\/www.muntdemots.org\/2014\/canvis-en-la-programacio\/#breadcrumb\"},\"inLanguage\":\"ca\",\"potentialAction\":[{\"@type\":\"ReadAction\",\"target\":[\"http:\/\/www.muntdemots.org\/2014\/canvis-en-la-programacio\/\"]}]},{\"@type\":\"BreadcrumbList\",\"@id\":\"http:\/\/www.muntdemots.org\/2014\/canvis-en-la-programacio\/#breadcrumb\",\"itemListElement\":[{\"@type\":\"ListItem\",\"position\":1,\"name\":\"Inici\",\"item\":\"http:\/\/www.muntdemots.org\/2014\/\"},{\"@type\":\"ListItem\",\"position\":2,\"name\":\"Canvis en la programaci\u00f3\"}]},{\"@type\":\"WebSite\",\"@id\":\"http:\/\/www.muntdemots.org\/2014\/#website\",\"url\":\"http:\/\/www.muntdemots.org\/2014\/\",\"name\":\"Munt de Mots\",\"description\":\"\",\"potentialAction\":[{\"@type\":\"SearchAction\",\"target\":{\"@type\":\"EntryPoint\",\"urlTemplate\":\"http:\/\/www.muntdemots.org\/2014\/?s={search_term_string}\"},\"query-input\":\"required name=search_term_string\"}],\"inLanguage\":\"ca\"}]}<\/script>\n<!-- \/ Yoast SEO plugin. -->","yoast_head_json":{"title":"Canvis en la programaci\u00f3 - Munt de Mots","robots":{"index":"index","follow":"follow","max-snippet":"max-snippet:-1","max-image-preview":"max-image-preview:large","max-video-preview":"max-video-preview:-1"},"canonical":"http:\/\/www.muntdemots.org\/2014\/canvis-en-la-programacio\/","og_locale":"ca_ES","og_type":"article","og_title":"Canvis en la programaci\u00f3 - Munt de Mots","og_description":"MI\u00c9RCOLES 22 DE OCTUBRE. Bar Pla de la Calma (Cardedeu) Rub\u00e9n Mart\u00ednez Santana presentar\u00e1 MUJERES Y RESPUESTAS a las 20.30h, sustituyendo a Raquel de Manuel Mur &nbsp; VIERNES 24 DE OCTUBRE. Ateneu Roig. La funci\u00f3n en idioma gallego,\u00a0GALIZA, se har\u00e1 el JUEVES 23 DE OCTUBRE. Mismo lugar, misma hora, mismo narrador. &nbsp; VIERNES 24 DE [&hellip;]","og_url":"http:\/\/www.muntdemots.org\/2014\/canvis-en-la-programacio\/","og_site_name":"Munt de Mots","article_publisher":"https:\/\/www.facebook.com\/FestivalMuntdeMots","twitter_card":"summary_large_image","twitter_site":"@muntdemots","twitter_misc":{"Temps estimat de lectura":"1 minut"},"schema":{"@context":"https:\/\/schema.org","@graph":[{"@type":"WebPage","@id":"http:\/\/www.muntdemots.org\/2014\/canvis-en-la-programacio\/","url":"http:\/\/www.muntdemots.org\/2014\/canvis-en-la-programacio\/","name":"Canvis en la programaci\u00f3 - Munt de Mots","isPartOf":{"@id":"http:\/\/www.muntdemots.org\/2014\/#website"},"datePublished":"2014-10-10T07:19:13+00:00","dateModified":"2014-10-10T07:19:13+00:00","breadcrumb":{"@id":"http:\/\/www.muntdemots.org\/2014\/canvis-en-la-programacio\/#breadcrumb"},"inLanguage":"ca","potentialAction":[{"@type":"ReadAction","target":["http:\/\/www.muntdemots.org\/2014\/canvis-en-la-programacio\/"]}]},{"@type":"BreadcrumbList","@id":"http:\/\/www.muntdemots.org\/2014\/canvis-en-la-programacio\/#breadcrumb","itemListElement":[{"@type":"ListItem","position":1,"name":"Inici","item":"http:\/\/www.muntdemots.org\/2014\/"},{"@type":"ListItem","position":2,"name":"Canvis en la programaci\u00f3"}]},{"@type":"WebSite","@id":"http:\/\/www.muntdemots.org\/2014\/#website","url":"http:\/\/www.muntdemots.org\/2014\/","name":"Munt de Mots","description":"","potentialAction":[{"@type":"SearchAction","target":{"@type":"EntryPoint","urlTemplate":"http:\/\/www.muntdemots.org\/2014\/?s={search_term_string}"},"query-input":"required name=search_term_string"}],"inLanguage":"ca"}]}},"_links":{"self":[{"href":"http:\/\/www.muntdemots.org\/2014\/wp-json\/wp\/v2\/pages\/7505"}],"collection":[{"href":"http:\/\/www.muntdemots.org\/2014\/wp-json\/wp\/v2\/pages"}],"about":[{"href":"http:\/\/www.muntdemots.org\/2014\/wp-json\/wp\/v2\/types\/page"}],"author":[{"embeddable":true,"href":"http:\/\/www.muntdemots.org\/2014\/wp-json\/wp\/v2\/users\/1"}],"replies":[{"embeddable":true,"href":"http:\/\/www.muntdemots.org\/2014\/wp-json\/wp\/v2\/comments?post=7505"}],"version-history":[{"count":1,"href":"http:\/\/www.muntdemots.org\/2014\/wp-json\/wp\/v2\/pages\/7505\/revisions"}],"predecessor-version":[{"id":7506,"href":"http:\/\/www.muntdemots.org\/2014\/wp-json\/wp\/v2\/pages\/7505\/revisions\/7506"}],"wp:attachment":[{"href":"http:\/\/www.muntdemots.org\/2014\/wp-json\/wp\/v2\/media?parent=7505"}],"curies":[{"name":"wp","href":"https:\/\/api.w.org\/{rel}","templated":true}]}}