{"id":7445,"date":"2014-10-02T06:31:08","date_gmt":"2014-10-02T06:31:08","guid":{"rendered":"http:\/\/www.muntdemots.org\/2014\/?page_id=7445"},"modified":"2014-10-06T11:29:32","modified_gmt":"2014-10-06T11:29:32","slug":"verkami-2","status":"publish","type":"page","link":"http:\/\/www.muntdemots.org\/2014\/verkami-2\/","title":{"rendered":"Els micro-mecenes del Munt de Mots 2014! Moltes gr\u00e0cies!!!"},"content":{"rendered":"<p><a href=\"http:\/\/www.muntdemots.org\/2013\/wp-content\/uploads\/2013\/07\/MUMO-SOLO-2.png\"><img decoding=\"async\" loading=\"lazy\" class=\"alignright size-medium wp-image-6330\" title=\"MUMO SOLO 2\" src=\"http:\/\/www.muntdemots.org\/2013\/wp-content\/uploads\/2013\/07\/MUMO-SOLO-2-191x300.png\" alt=\"\" width=\"191\" height=\"300\" srcset=\"http:\/\/www.muntdemots.org\/2014\/wp-content\/uploads\/2013\/07\/MUMO-SOLO-2-191x300.png 191w, http:\/\/www.muntdemots.org\/2014\/wp-content\/uploads\/2013\/07\/MUMO-SOLO-2-653x1024.png 653w, http:\/\/www.muntdemots.org\/2014\/wp-content\/uploads\/2013\/07\/MUMO-SOLO-2.png 855w\" sizes=\"(max-width: 191px) 100vw, 191px\" \/><\/a>El Munt de Mots 2014 no hagu\u00e9s estat possible sense la col\u00b7laboraci\u00f3 de moltes persones i entitats que, de manera desinteressada, han col\u00b7laborat en la campanya de micro-mecenatge per finan\u00e7ar el projecte. A totes elles, un Munt de Gr\u00e0cies!!!<\/p>\n<p>SuperMecenes: <em>Iris Gonzalez Alfonso i ANIN<\/em><\/p>\n<p>Mecenes: <em>Familia Longobardi Santafe, Aina Gomila Olvera, Ainhoa Cabello, Aline y Cassandre, \u00c1ngel Ponz Corella, \u00c1ngel Ram\u00f3n Larrosa Bond\u00eda, \u00c0ngels Aisa, Anna Polino Cort\u00e9s, Calsina Piqu\u00e9, Carme L\u00f3pez, Clara Haddad, Clarisa Gonz\u00e1lez Ortiz, Cristina Serrat, Cristina Viader Anfrons, Cullera de pal, Elisabet Puentes, Elisabet Sagu\u00e9s, Esther Granados Camarasa, Goretti LR, Iolanda Blesas, Isaac Diksen, Joaquim Fargas, Joel Santamaria, Judith Navarro Royo, Julio Manau, Karel Mena, Karla Fern\u00e1ndez de Gamboa V\u00e1zquez, La Tresca i la Verdesca, Lourdes Casacuberta Palmarola, Marisol Cumare, Merce Gelpi Pelayo, M\u00f3nica Blanco Abell\u00e1n, Monika Klose, Natalia Boj Roca, N\u00faria Olvera Ripoll, Ram\u00f3n A. Ponz Corella, Roser Ros, Rosor Foret, Sandra Magriny\u00e0 de P\u00e0dua, Sandra Moreno, Serpiente Suya, Silvia Fern\u00e1ndez Fern\u00e1ndez, S\u00edlvia Fortuny, Sophie Heydel, Susanna Lloret Fern\u00e0ndez, Toni de P\u00e0dua Ruiz, Yolanda Crespo Fraile<\/em>.<\/p>\n","protected":false},"excerpt":{"rendered":"<p>El Munt de Mots 2014 no hagu\u00e9s estat possible sense la col\u00b7laboraci\u00f3 de moltes persones i entitats que, de manera desinteressada, han col\u00b7laborat en la campanya de micro-mecenatge per finan\u00e7ar el projecte. A totes elles, un Munt de Gr\u00e0cies!!! SuperMecenes: Iris Gonzalez Alfonso i ANIN Mecenes: Familia Longobardi Santafe, Aina Gomila Olvera, Ainhoa Cabello, Aline [&hellip;]<\/p>\n","protected":false},"author":1,"featured_media":0,"parent":0,"menu_order":0,"comment_status":"open","ping_status":"open","template":"","meta":{"_mi_skip_tracking":false},"yoast_head":"<!-- This site is optimized with the Yoast SEO plugin v20.5 - https:\/\/yoast.com\/wordpress\/plugins\/seo\/ -->\n<title>Els micro-mecenes del Munt de Mots 2014! Moltes gr\u00e0cies!!! - Munt de Mots<\/title>\n<meta name=\"robots\" content=\"index, follow, max-snippet:-1, max-image-preview:large, max-video-preview:-1\" \/>\n<link rel=\"canonical\" href=\"http:\/\/www.muntdemots.org\/2014\/verkami-2\/\" \/>\n<meta property=\"og:locale\" content=\"ca_ES\" \/>\n<meta property=\"og:type\" content=\"article\" \/>\n<meta property=\"og:title\" content=\"Els micro-mecenes del Munt de Mots 2014! Moltes gr\u00e0cies!!! - Munt de Mots\" \/>\n<meta property=\"og:description\" content=\"El Munt de Mots 2014 no hagu\u00e9s estat possible sense la col\u00b7laboraci\u00f3 de moltes persones i entitats que, de manera desinteressada, han col\u00b7laborat en la campanya de micro-mecenatge per finan\u00e7ar el projecte. A totes elles, un Munt de Gr\u00e0cies!!! SuperMecenes: Iris Gonzalez Alfonso i ANIN Mecenes: Familia Longobardi Santafe, Aina Gomila Olvera, Ainhoa Cabello, Aline [&hellip;]\" \/>\n<meta property=\"og:url\" content=\"http:\/\/www.muntdemots.org\/2014\/verkami-2\/\" \/>\n<meta property=\"og:site_name\" content=\"Munt de Mots\" \/>\n<meta property=\"article:publisher\" content=\"https:\/\/www.facebook.com\/FestivalMuntdeMots\" \/>\n<meta property=\"article:modified_time\" content=\"2014-10-06T11:29:32+00:00\" \/>\n<meta property=\"og:image\" content=\"http:\/\/www.muntdemots.org\/2013\/wp-content\/uploads\/2013\/07\/MUMO-SOLO-2-191x300.png\" \/>\n<meta name=\"twitter:card\" content=\"summary_large_image\" \/>\n<meta name=\"twitter:site\" content=\"@muntdemots\" \/>\n<meta name=\"twitter:label1\" content=\"Temps estimat de lectura\" \/>\n\t<meta name=\"twitter:data1\" content=\"1 minut\" \/>\n<script type=\"application\/ld+json\" class=\"yoast-schema-graph\">{\"@context\":\"https:\/\/schema.org\",\"@graph\":[{\"@type\":\"WebPage\",\"@id\":\"http:\/\/www.muntdemots.org\/2014\/verkami-2\/\",\"url\":\"http:\/\/www.muntdemots.org\/2014\/verkami-2\/\",\"name\":\"Els micro-mecenes del Munt de Mots 2014! Moltes gr\u00e0cies!!! - Munt de Mots\",\"isPartOf\":{\"@id\":\"http:\/\/www.muntdemots.org\/2014\/#website\"},\"datePublished\":\"2014-10-02T06:31:08+00:00\",\"dateModified\":\"2014-10-06T11:29:32+00:00\",\"breadcrumb\":{\"@id\":\"http:\/\/www.muntdemots.org\/2014\/verkami-2\/#breadcrumb\"},\"inLanguage\":\"ca\",\"potentialAction\":[{\"@type\":\"ReadAction\",\"target\":[\"http:\/\/www.muntdemots.org\/2014\/verkami-2\/\"]}]},{\"@type\":\"BreadcrumbList\",\"@id\":\"http:\/\/www.muntdemots.org\/2014\/verkami-2\/#breadcrumb\",\"itemListElement\":[{\"@type\":\"ListItem\",\"position\":1,\"name\":\"Inici\",\"item\":\"http:\/\/www.muntdemots.org\/2014\/\"},{\"@type\":\"ListItem\",\"position\":2,\"name\":\"Els micro-mecenes del Munt de Mots 2014! Moltes gr\u00e0cies!!!\"}]},{\"@type\":\"WebSite\",\"@id\":\"http:\/\/www.muntdemots.org\/2014\/#website\",\"url\":\"http:\/\/www.muntdemots.org\/2014\/\",\"name\":\"Munt de Mots\",\"description\":\"\",\"potentialAction\":[{\"@type\":\"SearchAction\",\"target\":{\"@type\":\"EntryPoint\",\"urlTemplate\":\"http:\/\/www.muntdemots.org\/2014\/?s={search_term_string}\"},\"query-input\":\"required name=search_term_string\"}],\"inLanguage\":\"ca\"}]}<\/script>\n<!-- \/ Yoast SEO plugin. -->","yoast_head_json":{"title":"Els micro-mecenes del Munt de Mots 2014! Moltes gr\u00e0cies!!! - Munt de Mots","robots":{"index":"index","follow":"follow","max-snippet":"max-snippet:-1","max-image-preview":"max-image-preview:large","max-video-preview":"max-video-preview:-1"},"canonical":"http:\/\/www.muntdemots.org\/2014\/verkami-2\/","og_locale":"ca_ES","og_type":"article","og_title":"Els micro-mecenes del Munt de Mots 2014! Moltes gr\u00e0cies!!! - Munt de Mots","og_description":"El Munt de Mots 2014 no hagu\u00e9s estat possible sense la col\u00b7laboraci\u00f3 de moltes persones i entitats que, de manera desinteressada, han col\u00b7laborat en la campanya de micro-mecenatge per finan\u00e7ar el projecte. A totes elles, un Munt de Gr\u00e0cies!!! SuperMecenes: Iris Gonzalez Alfonso i ANIN Mecenes: Familia Longobardi Santafe, Aina Gomila Olvera, Ainhoa Cabello, Aline [&hellip;]","og_url":"http:\/\/www.muntdemots.org\/2014\/verkami-2\/","og_site_name":"Munt de Mots","article_publisher":"https:\/\/www.facebook.com\/FestivalMuntdeMots","article_modified_time":"2014-10-06T11:29:32+00:00","og_image":[{"url":"http:\/\/www.muntdemots.org\/2013\/wp-content\/uploads\/2013\/07\/MUMO-SOLO-2-191x300.png"}],"twitter_card":"summary_large_image","twitter_site":"@muntdemots","twitter_misc":{"Temps estimat de lectura":"1 minut"},"schema":{"@context":"https:\/\/schema.org","@graph":[{"@type":"WebPage","@id":"http:\/\/www.muntdemots.org\/2014\/verkami-2\/","url":"http:\/\/www.muntdemots.org\/2014\/verkami-2\/","name":"Els micro-mecenes del Munt de Mots 2014! Moltes gr\u00e0cies!!! - Munt de Mots","isPartOf":{"@id":"http:\/\/www.muntdemots.org\/2014\/#website"},"datePublished":"2014-10-02T06:31:08+00:00","dateModified":"2014-10-06T11:29:32+00:00","breadcrumb":{"@id":"http:\/\/www.muntdemots.org\/2014\/verkami-2\/#breadcrumb"},"inLanguage":"ca","potentialAction":[{"@type":"ReadAction","target":["http:\/\/www.muntdemots.org\/2014\/verkami-2\/"]}]},{"@type":"BreadcrumbList","@id":"http:\/\/www.muntdemots.org\/2014\/verkami-2\/#breadcrumb","itemListElement":[{"@type":"ListItem","position":1,"name":"Inici","item":"http:\/\/www.muntdemots.org\/2014\/"},{"@type":"ListItem","position":2,"name":"Els micro-mecenes del Munt de Mots 2014! Moltes gr\u00e0cies!!!"}]},{"@type":"WebSite","@id":"http:\/\/www.muntdemots.org\/2014\/#website","url":"http:\/\/www.muntdemots.org\/2014\/","name":"Munt de Mots","description":"","potentialAction":[{"@type":"SearchAction","target":{"@type":"EntryPoint","urlTemplate":"http:\/\/www.muntdemots.org\/2014\/?s={search_term_string}"},"query-input":"required name=search_term_string"}],"inLanguage":"ca"}]}},"_links":{"self":[{"href":"http:\/\/www.muntdemots.org\/2014\/wp-json\/wp\/v2\/pages\/7445"}],"collection":[{"href":"http:\/\/www.muntdemots.org\/2014\/wp-json\/wp\/v2\/pages"}],"about":[{"href":"http:\/\/www.muntdemots.org\/2014\/wp-json\/wp\/v2\/types\/page"}],"author":[{"embeddable":true,"href":"http:\/\/www.muntdemots.org\/2014\/wp-json\/wp\/v2\/users\/1"}],"replies":[{"embeddable":true,"href":"http:\/\/www.muntdemots.org\/2014\/wp-json\/wp\/v2\/comments?post=7445"}],"version-history":[{"count":6,"href":"http:\/\/www.muntdemots.org\/2014\/wp-json\/wp\/v2\/pages\/7445\/revisions"}],"predecessor-version":[{"id":7499,"href":"http:\/\/www.muntdemots.org\/2014\/wp-json\/wp\/v2\/pages\/7445\/revisions\/7499"}],"wp:attachment":[{"href":"http:\/\/www.muntdemots.org\/2014\/wp-json\/wp\/v2\/media?parent=7445"}],"curies":[{"name":"wp","href":"https:\/\/api.w.org\/{rel}","templated":true}]}}