{"id":29,"date":"2012-07-01T16:15:33","date_gmt":"2012-07-01T16:15:33","guid":{"rendered":"http:\/\/www.muntdemots.org\/"},"modified":"2014-10-15T15:29:28","modified_gmt":"2014-10-15T15:29:28","slug":"23oct","status":"publish","type":"page","link":"http:\/\/www.muntdemots.org\/2014\/calendari\/23oct\/","title":{"rendered":"Dijous 23 d&#8217;octubre"},"content":{"rendered":"<p><strong>CONTES DE LA MATRIOIXCA<\/strong><\/p>\n<p><strong>Monika Klose (Alemanya \u2013 Catalunya)<\/strong><\/p>\n<p>Els contes russos no s\u00f3n gaire coneguts a Catalunya. La casa de la Baba Jaga, feta de coques, gira damunt unes potes de gallina i la Baba Jaga no vola amb una escombra sin\u00f3 amb una caldera\u2026 Un conte sortir\u00e0 de l\u2019altre com les famoses matrioixques.<\/p>\n<p>Infantil \/ Catal\u00e0 i castell\u00e0<br \/>\nHora: 18.00h<\/p>\n<p><a title=\"Biblioteca Marian Colom\u00e9\" href=\"http:\/\/biblioteques.gavaciutat.cat\/\" target=\"_blank\">BIBLIOTECA MARIAN COLOM\u00c9 <\/a>(GAV\u00c0)<br \/>\nActivitat gratu\u00efta<\/p>\n<p>&nbsp;<\/p>\n<p><strong>CONTES CONTATS I CANTATS<br \/>\n<\/strong><strong>Alicia Molina<\/strong> (Catalunya)<\/p>\n<p>Descobreix els desitjos que amaga la Lluna en aquestes hist\u00f2ries fetes per ser contades i cantades. Una sessi\u00f3 de paraules, m\u00fasica i moviment perqu\u00e8 els contes estan vius quan se&#8217;ls posa veu i s&#8217;escapen per la punta de la llengua, dels dits i, fins i tot, per la planta dels peus.<\/p>\n<p>Infantil \/ Catal\u00e0<br \/>\nHora: 18.00h<\/p>\n<p>BIBLIOTECA FRANCESCA BONNEMAISON<br \/>\nActivitat gratu\u00efta<\/p>\n<p>&nbsp;<\/p>\n<p><strong>Confer\u00e8ncia<\/strong><\/p>\n<p><strong> VERSIONS NOVES PER ALS CONTES DE TOTA LA VIDA?<\/strong><\/p>\n<p><strong>Roser Ros (Catalunya)<\/strong><\/p>\n<p>Reflexi\u00f3 sobre l\u2019important\u00edssim paper que tenen els adults que expliquen contes de viva veu o els fan con\u00e8ixer a trav\u00e9s dels llibres a l\u2019hora d\u2019acostar-los als oients. La import\u00e0ncia de con\u00e8ixer les estructures de les rondalles per saber qu\u00e8 cal fer i qu\u00e8 no cal fer.<\/p>\n<p>Adults \/ Catal\u00e0\u00a0 i castell\u00e0<br \/>\nHora: 19.30h<\/p>\n<p><strong>CENTRE D\u2019INTER\u00c8S EN LA NARRACI\u00d3 ORAL<\/strong><\/p>\n<p><a href=\"http:\/\/www.bcn.cat\/bibviladegracia\">BIBLIOTECA VILA DE GR\u00c0CIA\u2028<\/a><br \/>\nActivitat gratu\u00efta<\/p>\n<p>&nbsp;<\/p>\n<p><strong>PIEDRAS EN EL CORAZ\u00d3N<\/strong><\/p>\n<p><strong>Paco Asensio (Catalunya)<\/strong><\/p>\n<p>\u201cMe alegrar\u00e9 que al recibo de esta, os encontr\u00e9is bien. Yo, por mi parte, bien, gracias a Dios.\u201d Aix\u00ed dictava la meva \u00e0via i jo comen\u00e7ava a contar la vida dels altres, els records de l\u2019\u00e0via, les an\u00e8cdotes familiars. En un temps on habitaven pedres en el cor. Gr\u00e0cies i desgr\u00e0cies de la vida mitjan\u00e7ant els contes, els cors i les pedres.<\/p>\n<p>Adults \/ Catal\u00e0 i castell\u00e0<\/p>\n<p>BIBLIOTECA CAMP DE L\u2019ARPA<\/p>\n<p>Hora: 19.00h<br \/>\nActivitat gratu\u00efta<\/p>\n<p>&nbsp;<\/p>\n<p><strong>L\u2019ENTRADA<\/strong><\/p>\n<p><strong>Jordina Biosca (Catalunya)<\/strong><\/p>\n<p>Peter Letting era llibreter antiquari: un d&#8217;aquells homes amb mans de seda pels pergamins, amb una sensibilitat especial pels llibres. Durant anys i anys, havia catalogat centenars de biblioteques i col\u00b7leccions i semblava que aquest plaer no hauria d&#8217;acabar mai. Una nit d&#8217;hivern, per\u00f2, va rebre una inesperada\u2026<\/p>\n<p>Adults \/ Catal\u00e0<br \/>\nHora: 19.30h.<\/p>\n<p><a href=\"http:\/\/www.bcn.cat\/villaflorida\">CENTRE C\u00cdVIC VIL\u00b7LA FLORIDA\u2028<\/a><\/p>\n<p>Activitat gratu\u00efta<\/p>\n<p>&nbsp;<\/p>\n<p><strong>CUENTOD@S<br \/>\n<\/strong><strong>CONTES TRADICIONALS CATALANS<\/strong><\/p>\n<p>L\u2019espai m\u00e9s veter\u00e0 de les jam de contacontes a Catalunya, Cuentod@s, ser\u00e0 dedicat en aquesta edici\u00f3 a contar les hist\u00f2ries de la nostra terra, moltes de les quals ens han arribat de boca a orella i d\u2019orella a boca des de molt abans que Barcino s\u2019anomen\u00e9s Barcino&#8230;<\/p>\n<p>Adults \/ Catal\u00e0\u00a0 i castell\u00e0<br \/>\nHora: 20.00h.<\/p>\n<p><a href=\"http:\/\/www.bcn.cat\/centrecivicpatillimona\">CENTRE C\u00cdVIC PATI LLIMONA<\/a><br \/>\nActivitat gratu\u00efta<\/p>\n<p>&nbsp;<\/p>\n<p><strong>GALIZA<\/strong><\/p>\n<p><strong>Anxo Baranga (Gal\u00edcia &#8211; Catalunya)<\/strong><\/p>\n<p>\u00c9s un recorregut per la cultura gallega una miqueta peculiar, des del seu origen fins als nostres dies. No estan tots els que s\u00f3n, per\u00f2 s\u00f3n tots els que hi estan.<br \/>\n(Espectacle en gallec.)<\/p>\n<p>Adults \/ Gallec<br \/>\nHora: 20.00h<\/p>\n<p><a title=\"Ateneu Roig\" href=\"http:\/\/roigcultura.cat\" target=\"_blank\">ATENEU ROIG<\/a><br \/>\nEntrada: 6\u20ac<\/p>\n<p>&nbsp;<\/p>\n<p>&nbsp;<\/p>\n<p><strong>DONES DE BANDERA<br \/>\n<\/strong><strong>Alicia Molina i In\u00e9s Macpherson (Catalunya)<\/strong><\/p>\n<p>Els s\u00edmbols estrenyen les mirades, com si f\u00e9ssim de tafaners pel forat del pany. Per\u00f2 tan sols existeix el que veiem? Nom\u00e9s quan tanquem els ulls descobrim una altra realitat capa\u00e7 de mostrar-nos secrets que el joc o l&#8217;humor han deixat escapar. Vols saber quins s\u00f3n?<\/p>\n<p>Adults \/ Catal\u00e0<br \/>\nL\u2019ASTROLABI<\/p>\n<p>Hora: 21.30h<br \/>\nEntrada: 3\u20ac<\/p>\n<p>&nbsp;<\/p>\n","protected":false},"excerpt":{"rendered":"<p>CONTES DE LA MATRIOIXCA Monika Klose (Alemanya \u2013 Catalunya) Els contes russos no s\u00f3n gaire coneguts a Catalunya. La casa de la Baba Jaga, feta de coques, gira damunt unes potes de gallina i la Baba Jaga no vola amb una escombra sin\u00f3 amb una caldera\u2026 Un conte sortir\u00e0 de l\u2019altre com les famoses matrioixques. [&hellip;]<\/p>\n","protected":false},"author":1,"featured_media":0,"parent":4928,"menu_order":0,"comment_status":"closed","ping_status":"closed","template":"","meta":{"_mi_skip_tracking":false},"yoast_head":"<!-- This site is optimized with the Yoast SEO plugin v20.5 - https:\/\/yoast.com\/wordpress\/plugins\/seo\/ -->\n<title>Dijous 23 d&#039;octubre - Munt de Mots<\/title>\n<meta name=\"robots\" content=\"index, follow, max-snippet:-1, max-image-preview:large, max-video-preview:-1\" \/>\n<link rel=\"canonical\" href=\"http:\/\/www.muntdemots.org\/2014\/calendari\/23oct\/\" \/>\n<meta property=\"og:locale\" content=\"ca_ES\" \/>\n<meta property=\"og:type\" content=\"article\" \/>\n<meta property=\"og:title\" content=\"Dijous 23 d&#039;octubre - Munt de Mots\" \/>\n<meta property=\"og:description\" content=\"CONTES DE LA MATRIOIXCA Monika Klose (Alemanya \u2013 Catalunya) Els contes russos no s\u00f3n gaire coneguts a Catalunya. La casa de la Baba Jaga, feta de coques, gira damunt unes potes de gallina i la Baba Jaga no vola amb una escombra sin\u00f3 amb una caldera\u2026 Un conte sortir\u00e0 de l\u2019altre com les famoses matrioixques. [&hellip;]\" \/>\n<meta property=\"og:url\" content=\"http:\/\/www.muntdemots.org\/2014\/calendari\/23oct\/\" \/>\n<meta property=\"og:site_name\" content=\"Munt de Mots\" \/>\n<meta property=\"article:publisher\" content=\"https:\/\/www.facebook.com\/FestivalMuntdeMots\" \/>\n<meta property=\"article:modified_time\" content=\"2014-10-15T15:29:28+00:00\" \/>\n<meta name=\"twitter:card\" content=\"summary_large_image\" \/>\n<meta name=\"twitter:site\" content=\"@muntdemots\" \/>\n<meta name=\"twitter:label1\" content=\"Temps estimat de lectura\" \/>\n\t<meta name=\"twitter:data1\" content=\"3 minuts\" \/>\n<script type=\"application\/ld+json\" class=\"yoast-schema-graph\">{\"@context\":\"https:\/\/schema.org\",\"@graph\":[{\"@type\":\"WebPage\",\"@id\":\"http:\/\/www.muntdemots.org\/2014\/calendari\/23oct\/\",\"url\":\"http:\/\/www.muntdemots.org\/2014\/calendari\/23oct\/\",\"name\":\"Dijous 23 d'octubre - Munt de Mots\",\"isPartOf\":{\"@id\":\"http:\/\/www.muntdemots.org\/2014\/#website\"},\"datePublished\":\"2012-07-01T16:15:33+00:00\",\"dateModified\":\"2014-10-15T15:29:28+00:00\",\"breadcrumb\":{\"@id\":\"http:\/\/www.muntdemots.org\/2014\/calendari\/23oct\/#breadcrumb\"},\"inLanguage\":\"ca\",\"potentialAction\":[{\"@type\":\"ReadAction\",\"target\":[\"http:\/\/www.muntdemots.org\/2014\/calendari\/23oct\/\"]}]},{\"@type\":\"BreadcrumbList\",\"@id\":\"http:\/\/www.muntdemots.org\/2014\/calendari\/23oct\/#breadcrumb\",\"itemListElement\":[{\"@type\":\"ListItem\",\"position\":1,\"name\":\"Inici\",\"item\":\"http:\/\/www.muntdemots.org\/2014\/\"},{\"@type\":\"ListItem\",\"position\":2,\"name\":\"Calendari\",\"item\":\"http:\/\/www.muntdemots.org\/2014\/calendari\/\"},{\"@type\":\"ListItem\",\"position\":3,\"name\":\"Dijous 23 d&#8217;octubre\"}]},{\"@type\":\"WebSite\",\"@id\":\"http:\/\/www.muntdemots.org\/2014\/#website\",\"url\":\"http:\/\/www.muntdemots.org\/2014\/\",\"name\":\"Munt de Mots\",\"description\":\"\",\"potentialAction\":[{\"@type\":\"SearchAction\",\"target\":{\"@type\":\"EntryPoint\",\"urlTemplate\":\"http:\/\/www.muntdemots.org\/2014\/?s={search_term_string}\"},\"query-input\":\"required name=search_term_string\"}],\"inLanguage\":\"ca\"}]}<\/script>\n<!-- \/ Yoast SEO plugin. -->","yoast_head_json":{"title":"Dijous 23 d'octubre - Munt de Mots","robots":{"index":"index","follow":"follow","max-snippet":"max-snippet:-1","max-image-preview":"max-image-preview:large","max-video-preview":"max-video-preview:-1"},"canonical":"http:\/\/www.muntdemots.org\/2014\/calendari\/23oct\/","og_locale":"ca_ES","og_type":"article","og_title":"Dijous 23 d'octubre - Munt de Mots","og_description":"CONTES DE LA MATRIOIXCA Monika Klose (Alemanya \u2013 Catalunya) Els contes russos no s\u00f3n gaire coneguts a Catalunya. La casa de la Baba Jaga, feta de coques, gira damunt unes potes de gallina i la Baba Jaga no vola amb una escombra sin\u00f3 amb una caldera\u2026 Un conte sortir\u00e0 de l\u2019altre com les famoses matrioixques. [&hellip;]","og_url":"http:\/\/www.muntdemots.org\/2014\/calendari\/23oct\/","og_site_name":"Munt de Mots","article_publisher":"https:\/\/www.facebook.com\/FestivalMuntdeMots","article_modified_time":"2014-10-15T15:29:28+00:00","twitter_card":"summary_large_image","twitter_site":"@muntdemots","twitter_misc":{"Temps estimat de lectura":"3 minuts"},"schema":{"@context":"https:\/\/schema.org","@graph":[{"@type":"WebPage","@id":"http:\/\/www.muntdemots.org\/2014\/calendari\/23oct\/","url":"http:\/\/www.muntdemots.org\/2014\/calendari\/23oct\/","name":"Dijous 23 d'octubre - Munt de Mots","isPartOf":{"@id":"http:\/\/www.muntdemots.org\/2014\/#website"},"datePublished":"2012-07-01T16:15:33+00:00","dateModified":"2014-10-15T15:29:28+00:00","breadcrumb":{"@id":"http:\/\/www.muntdemots.org\/2014\/calendari\/23oct\/#breadcrumb"},"inLanguage":"ca","potentialAction":[{"@type":"ReadAction","target":["http:\/\/www.muntdemots.org\/2014\/calendari\/23oct\/"]}]},{"@type":"BreadcrumbList","@id":"http:\/\/www.muntdemots.org\/2014\/calendari\/23oct\/#breadcrumb","itemListElement":[{"@type":"ListItem","position":1,"name":"Inici","item":"http:\/\/www.muntdemots.org\/2014\/"},{"@type":"ListItem","position":2,"name":"Calendari","item":"http:\/\/www.muntdemots.org\/2014\/calendari\/"},{"@type":"ListItem","position":3,"name":"Dijous 23 d&#8217;octubre"}]},{"@type":"WebSite","@id":"http:\/\/www.muntdemots.org\/2014\/#website","url":"http:\/\/www.muntdemots.org\/2014\/","name":"Munt de Mots","description":"","potentialAction":[{"@type":"SearchAction","target":{"@type":"EntryPoint","urlTemplate":"http:\/\/www.muntdemots.org\/2014\/?s={search_term_string}"},"query-input":"required name=search_term_string"}],"inLanguage":"ca"}]}},"_links":{"self":[{"href":"http:\/\/www.muntdemots.org\/2014\/wp-json\/wp\/v2\/pages\/29"}],"collection":[{"href":"http:\/\/www.muntdemots.org\/2014\/wp-json\/wp\/v2\/pages"}],"about":[{"href":"http:\/\/www.muntdemots.org\/2014\/wp-json\/wp\/v2\/types\/page"}],"author":[{"embeddable":true,"href":"http:\/\/www.muntdemots.org\/2014\/wp-json\/wp\/v2\/users\/1"}],"replies":[{"embeddable":true,"href":"http:\/\/www.muntdemots.org\/2014\/wp-json\/wp\/v2\/comments?post=29"}],"version-history":[{"count":128,"href":"http:\/\/www.muntdemots.org\/2014\/wp-json\/wp\/v2\/pages\/29\/revisions"}],"predecessor-version":[{"id":7542,"href":"http:\/\/www.muntdemots.org\/2014\/wp-json\/wp\/v2\/pages\/29\/revisions\/7542"}],"up":[{"embeddable":true,"href":"http:\/\/www.muntdemots.org\/2014\/wp-json\/wp\/v2\/pages\/4928"}],"wp:attachment":[{"href":"http:\/\/www.muntdemots.org\/2014\/wp-json\/wp\/v2\/media?parent=29"}],"curies":[{"name":"wp","href":"https:\/\/api.w.org\/{rel}","templated":true}]}}